{"id":977,"date":"2026-03-05T10:31:38","date_gmt":"2026-03-05T09:31:38","guid":{"rendered":"https:\/\/www.kulturazilina.sk\/?page_id=977"},"modified":"2026-03-05T10:39:48","modified_gmt":"2026-03-05T09:39:48","slug":"ochrana-osobnych-udajov","status":"publish","type":"page","link":"https:\/\/www.kulturazilina.sk\/en\/ochrana-osobnych-udajov\/","title":{"rendered":"Ochrana osobn\u00fdch \u00fadajov"},"content":{"rendered":"<div data-elementor-type=\"wp-page\" data-elementor-id=\"977\" class=\"elementor elementor-977\" data-elementor-post-type=\"page\">\n\t\t\t\t<div class=\"elementor-element elementor-element-a9f79f7 e-flex e-con-boxed e-con e-parent\" data-id=\"a9f79f7\" data-element_type=\"container\" data-e-type=\"container\" data-settings=\"{&quot;background_background&quot;:&quot;classic&quot;}\">\n\t\t\t\t\t<div class=\"e-con-inner\">\n\t\t\t\t<div class=\"elementor-element elementor-element-6eb1cd7 elementor-widget elementor-widget-heading\" data-id=\"6eb1cd7\" data-element_type=\"widget\" data-e-type=\"widget\" data-widget_type=\"heading.default\">\n\t\t\t\t\t<h2 class=\"elementor-heading-title elementor-size-default\">Ochrana osobn\u00fdch \u00fadajov<\/h2>\t\t\t\t<\/div>\n\t\t\t\t\t<\/div>\n\t\t\t\t<\/div>\n\t\t<div class=\"elementor-element elementor-element-0b58cd6 e-flex e-con-boxed e-con e-parent\" data-id=\"0b58cd6\" data-element_type=\"container\" data-e-type=\"container\">\n\t\t\t\t\t<div class=\"e-con-inner\">\n\t\t\t\t<div class=\"elementor-element elementor-element-a53893b elementor-widget elementor-widget-text-editor\" data-id=\"a53893b\" data-element_type=\"widget\" data-e-type=\"widget\" data-widget_type=\"text-editor.default\">\n\t\t\t\t\t\t\t\t\t<h2>Z\u00e1kladn\u00e9 inform\u00e1cie<\/h2><div class=\"information-page-content\"><div><br \/>pristupuje k\u00a0Va\u0161im osobn\u00fdm \u00fadajom zodpovedne a\u00a0preto v\u00a0zmysle Nariadenia Eur\u00f3pskeho Parlamentu a Rady (E\u00da) 2016\/679 z 27. apr\u00edla 2016 o ochrane fyzick\u00fdch os\u00f4b pri sprac\u00favan\u00ed osobn\u00fdch \u00fadajov a o vo\u013enom pohybe tak\u00fdchto \u00fadajov, ktor\u00fdm sa zru\u0161uje smernica 95\/46\/ES (v\u0161eobecn\u00e9 nariadenie o ochrane \u00fadajov) (\u010falej len \u201enariadenie GDPR\u201c) a z\u00e1kona \u010d. 18\/2018 Z. z. o\u00a0ochrane osobn\u00fdch \u00fadajov a\u00a0o\u00a0zmene a\u00a0doplnen\u00ed niektor\u00fdch z\u00e1konov (\u010falej len ,,Z\u00e1kon\u201c), V\u00e1m ako\u00a0<strong>dotknutej osobe (fyzickej osobe, ktorej osobn\u00e9 \u00fadaje sa sprac\u00favaj\u00fa)<\/strong>\u00a0na svojom webovom s\u00eddle okrem svojich identifika\u010dn\u00fdch a kontaktn\u00fdch \u00fadajov a\u00a0kontaktn\u00fdch \u00fadajov zodpovednej osoby, spr\u00edstup\u0148uje aj \u010fal\u0161ie potrebn\u00e9 inform\u00e1cie, ktor\u00e9 sa nach\u00e1dzaj\u00fa v z\u00e1lo\u017ek\u00e1ch\u00a0v\u013eavo.<\/div><div><br \/>Prev\u00e1dzkovate\u013e v\u00a0zmysle \u010dl. 24 nariadenia GDPR a ust. \u00a7 31 Z\u00e1kona prist\u00fapil k\u00a0prijatiu primeran\u00fdch technick\u00fdch, organiza\u010dn\u00fdch, person\u00e1lnych a\u00a0bezpe\u010dnostn\u00fdch opatren\u00ed a\u00a0z\u00e1ruk, ktor\u00e9 zoh\u013ead\u0148uj\u00fa najm\u00e4:<\/div><div>\u00a0<\/div><div><span style=\"font-family: -apple-system, BlinkMacSystemFont, 'Segoe UI', Roboto, 'Helvetica Neue', Arial, 'Noto Sans', sans-serif, 'Apple Color Emoji', 'Segoe UI Emoji', 'Segoe UI Symbol', 'Noto Color Emoji';\">z\u00e1sady sprac\u00favania osobn\u00fdch \u00fadajov, ktor\u00fdmi s\u00fa z\u00e1konnos\u0165, spravodlivos\u0165 a transparentnos\u0165, obmedzenie a kompatibilita \u00fa\u010delov sprac\u00favania osobn\u00fdch \u00fadajov, \u010falej minimaliz\u00e1cia osobn\u00fdch \u00fadajov, ich pseudonymiz\u00e1cia a \u0161ifrovanie, ako aj integrita, d\u00f4vernos\u0165 a dostupnos\u0165;<\/span><\/div><div><ul><li>z\u00e1sady nevyhnutnosti a primeranosti (vz\u0165ahuje sa aj na rozsah a mno\u017estvo sprac\u00favan\u00fdch osobn\u00fdch \u00fadajov, dobu uchov\u00e1vania a pr\u00edstup k osobn\u00fdm \u00fadajom dotknutej osoby) sprac\u00favania osobn\u00fdch \u00fadajov s oh\u013eadom na \u00fa\u010del spracovate\u013eskej oper\u00e1cie;<\/li><\/ul><ul><li>povahu, rozsah, kontext a \u00fa\u010del spracovate\u013eskej oper\u00e1cie;<\/li><\/ul><ul><li>odolnos\u0165 a obnovu syst\u00e9mov sprac\u00favania osobn\u00fdch \u00fadajov;<\/li><\/ul><ul><li>pou\u010denia opr\u00e1vnen\u00fdch os\u00f4b prev\u00e1dzkovate\u013ea;<\/li><\/ul><ul><li>prijatie opatren\u00ed na bezodkladn\u00e9 zistenie, \u010di do\u0161lo k poru\u0161eniu ochrany osobn\u00fdch \u00fadajov a promptn\u00e9 informovanie dozorn\u00e9ho org\u00e1nu a zodpovednej osoby;<\/li><\/ul><ul><li>prijatie opatren\u00ed na zabezpe\u010denie opravy alebo vymazanie nespr\u00e1vnych \u00fadajov, \u010di realiz\u00e1ciu in\u00fdch pr\u00e1v dotknutej osoby;<\/li><\/ul><ul><li>rizik\u00e1 s\u00a0r\u00f4znou pravdepodobnos\u0165ou a\u00a0z\u00e1va\u017enos\u0165ou pre pr\u00e1va a\u00a0slobody fyzick\u00fdch os\u00f4b (najm\u00e4 n\u00e1hodn\u00e9 alebo nez\u00e1konn\u00e9 zni\u010denie osobn\u00fdch \u00fadajov, strata alebo zmena osobn\u00fdch \u00fadajov, zneu\u017eitie osobn\u00fdch \u00fadajov \u2013 neopr\u00e1vnen\u00fd pr\u00edstup alebo neopr\u00e1vnen\u00e9 poskytnutie, pos\u00fadenie riz\u00edk so zrete\u013eom na p\u00f4vod, povahu, pravdepodobnos\u0165 a\u00a0z\u00e1va\u017enos\u0165 rizika v\u00a0s\u00favislosti so sprac\u00favan\u00edm a\u00a0na identifik\u00e1ciu najlep\u0161\u00edch postupov na zmiernenie rizika).<\/li><\/ul><\/div><\/div>\t\t\t\t\t\t\t\t<\/div>\n\t\t\t\t\t<\/div>\n\t\t\t\t<\/div>\n\t\t\t\t<\/div>","protected":false},"excerpt":{"rendered":"<p>Ochrana osobn\u00fdch \u00fadajov Z\u00e1kladn\u00e9 inform\u00e1cie pristupuje k\u00a0Va\u0161im osobn\u00fdm \u00fadajom zodpovedne a\u00a0preto v\u00a0zmysle Nariadenia Eur\u00f3pskeho Parlamentu a Rady (E\u00da) 2016\/679 z 27. apr\u00edla 2016 o ochrane fyzick\u00fdch os\u00f4b pri sprac\u00favan\u00ed osobn\u00fdch [&hellip;]<\/p>\n","protected":false},"author":1,"featured_media":0,"parent":0,"menu_order":0,"comment_status":"closed","ping_status":"closed","template":"elementor_header_footer","meta":{"_acf_changed":false,"footnotes":""},"class_list":["post-977","page","type-page","status-publish","hentry"],"acf":[],"_links":{"self":[{"href":"https:\/\/www.kulturazilina.sk\/en\/wp-json\/wp\/v2\/pages\/977","targetHints":{"allow":["GET"]}}],"collection":[{"href":"https:\/\/www.kulturazilina.sk\/en\/wp-json\/wp\/v2\/pages"}],"about":[{"href":"https:\/\/www.kulturazilina.sk\/en\/wp-json\/wp\/v2\/types\/page"}],"author":[{"embeddable":true,"href":"https:\/\/www.kulturazilina.sk\/en\/wp-json\/wp\/v2\/users\/1"}],"replies":[{"embeddable":true,"href":"https:\/\/www.kulturazilina.sk\/en\/wp-json\/wp\/v2\/comments?post=977"}],"version-history":[{"count":19,"href":"https:\/\/www.kulturazilina.sk\/en\/wp-json\/wp\/v2\/pages\/977\/revisions"}],"predecessor-version":[{"id":1776,"href":"https:\/\/www.kulturazilina.sk\/en\/wp-json\/wp\/v2\/pages\/977\/revisions\/1776"}],"wp:attachment":[{"href":"https:\/\/www.kulturazilina.sk\/en\/wp-json\/wp\/v2\/media?parent=977"}],"curies":[{"name":"wp","href":"https:\/\/api.w.org\/{rel}","templated":true}]}}