{"id":1882,"date":"2026-03-17T11:11:32","date_gmt":"2026-03-17T10:11:32","guid":{"rendered":"https:\/\/www.kulturazilina.sk\/?page_id=1882"},"modified":"2026-04-09T17:11:42","modified_gmt":"2026-04-09T15:11:42","slug":"zilina-beskydy-2026","status":"publish","type":"page","link":"https:\/\/www.kulturazilina.sk\/en\/zilina-beskydy-2026\/","title":{"rendered":"\u017dilina Beskydy 2026"},"content":{"rendered":"\t\t<div data-elementor-type=\"wp-page\" data-elementor-id=\"1882\" class=\"elementor elementor-1882\" data-elementor-post-type=\"page\">\n\t\t\t\t<div class=\"elementor-element elementor-element-0ac06af e-flex e-con-boxed e-con e-parent\" data-id=\"0ac06af\" data-element_type=\"container\" data-e-type=\"container\" data-settings=\"{&quot;background_background&quot;:&quot;classic&quot;}\">\n\t\t\t\t\t<div class=\"e-con-inner\">\n\t\t\t\t<div class=\"elementor-element elementor-element-d49d6a9 elementor-widget elementor-widget-heading\" data-id=\"d49d6a9\" data-element_type=\"widget\" data-e-type=\"widget\" data-widget_type=\"heading.default\">\n\t\t\t\t\t<h2 class=\"elementor-heading-title elementor-size-default\">\u017dilina Beskydy 2026 <br>Eur\u00f3pske hlavn\u00e9 <br>mesto kult\u00fary\n<\/h2>\t\t\t\t<\/div>\n\t\t\t\t\t<\/div>\n\t\t\t\t<\/div>\n\t\t<div class=\"elementor-element elementor-element-f57f033 e-flex e-con-boxed e-con e-parent\" data-id=\"f57f033\" data-element_type=\"container\" data-e-type=\"container\">\n\t\t\t\t\t<div class=\"e-con-inner\">\n\t\t<div class=\"elementor-element elementor-element-608f350 e-con-full e-flex e-con e-child\" data-id=\"608f350\" data-element_type=\"container\" data-e-type=\"container\">\n\t\t\t\t<div class=\"elementor-element elementor-element-c447b5e elementor-widget elementor-widget-image\" data-id=\"c447b5e\" data-element_type=\"widget\" data-e-type=\"widget\" data-widget_type=\"image.default\">\n\t\t\t\t\t\t\t\t\t\t\t\t\t\t\t<img fetchpriority=\"high\" decoding=\"async\" width=\"1414\" height=\"2000\" src=\"https:\/\/www.kulturazilina.sk\/wp-content\/uploads\/2026\/03\/hhhdasdasd.png\" class=\"attachment-full size-full wp-image-1886\" alt=\"\" srcset=\"https:\/\/www.kulturazilina.sk\/wp-content\/uploads\/2026\/03\/hhhdasdasd.png 1414w, https:\/\/www.kulturazilina.sk\/wp-content\/uploads\/2026\/03\/hhhdasdasd-212x300.png 212w, https:\/\/www.kulturazilina.sk\/wp-content\/uploads\/2026\/03\/hhhdasdasd-724x1024.png 724w, https:\/\/www.kulturazilina.sk\/wp-content\/uploads\/2026\/03\/hhhdasdasd-768x1086.png 768w, https:\/\/www.kulturazilina.sk\/wp-content\/uploads\/2026\/03\/hhhdasdasd-1086x1536.png 1086w, https:\/\/www.kulturazilina.sk\/wp-content\/uploads\/2026\/03\/hhhdasdasd-8x12.png 8w\" sizes=\"(max-width: 1414px) 100vw, 1414px\" \/>\t\t\t\t\t\t\t\t\t\t\t\t\t\t\t<\/div>\n\t\t\t\t<\/div>\n\t\t<div class=\"elementor-element elementor-element-cab004c e-con-full e-flex e-con e-child\" data-id=\"cab004c\" data-element_type=\"container\" data-e-type=\"container\">\n\t\t\t\t<div class=\"elementor-element elementor-element-6ddc7ea elementor-widget__width-initial elementor-widget elementor-widget-text-editor\" data-id=\"6ddc7ea\" data-element_type=\"widget\" data-e-type=\"widget\" data-widget_type=\"text-editor.default\">\n\t\t\t\t\t\t\t\t\t<p><strong data-start=\"508\" data-end=\"533\">\u017dilina \u2013 Beskydy 2026<\/strong> prin\u00e1\u0161a kult\u00faru bli\u017e\u0161ie k \u013eu\u010fom a men\u00ed ju na n\u00e1stroj spolupr\u00e1ce, rozvoja aj ka\u017edodenn\u00e9ho mestsk\u00e9ho \u017eivota. Ako Eur\u00f3pske hlavn\u00e9 mesto kult\u00fary vytv\u00e1rame program, ktor\u00fd sp\u00e1ja profesion\u00e1lnu tvorbu s komunitami, podporuje lok\u00e1lne iniciat\u00edvy a z\u00e1rove\u0148 otv\u00e1ra \u017dilinu medzin\u00e1rodn\u00fdm partnerstv\u00e1m. D\u00f4raz kladieme na verejn\u00fd priestor, dostupnos\u0165, pr\u00e1cu s mlad\u00fdmi aj udr\u017eate\u013enos\u0165 \u2013 tak, aby projekty nezostali len jednorazov\u00fdm z\u00e1\u017eitkom, ale priniesli trval\u00e9 zmeny v meste a regi\u00f3ne.<br data-start=\"1004\" data-end=\"1007\" \/>Na\u0161a v\u00edzia je jednoduch\u00e1: aby sa kult\u00fara stala prirodzenou s\u00fa\u010das\u0165ou \u017eivota v \u017diline aj v okol\u00ed \u2013 v uliciach, na n\u00e1mestiach, v susedstv\u00e1ch, aj v mal\u00fdch obciach regi\u00f3nu.<\/p>\t\t\t\t\t\t\t\t<\/div>\n\t\t\t\t<div class=\"elementor-element elementor-element-c27fb07 elementor-widget__width-initial elementor-widget elementor-widget-text-editor\" data-id=\"c27fb07\" data-element_type=\"widget\" data-e-type=\"widget\" data-widget_type=\"text-editor.default\">\n\t\t\t\t\t\t\t\t\t<div class=\"flex flex-col text-sm pb-25\"><article class=\"text-token-text-primary w-full focus:outline-none [--shadow-height:45px] has-data-writing-block:pointer-events-none has-data-writing-block:-mt-(--shadow-height) has-data-writing-block:pt-(--shadow-height) [&amp;:has([data-writing-block])&gt;*]:pointer-events-auto scroll-mt-[calc(var(--header-height)+min(200px,max(70px,20svh)))]\" dir=\"auto\" tabindex=\"-1\" data-turn-id=\"request-69805a96-fc28-838f-8de2-df17dd6ac1cb-1\" data-testid=\"conversation-turn-575\" data-scroll-anchor=\"true\" data-turn=\"assistant\"><div class=\"text-base my-auto mx-auto pb-10 [--thread-content-margin:var(--thread-content-margin-xs,calc(var(--spacing)*4))] @w-sm\/main:[--thread-content-margin:var(--thread-content-margin-sm,calc(var(--spacing)*6))] @w-lg\/main:[--thread-content-margin:var(--thread-content-margin-lg,calc(var(--spacing)*16))] px-(--thread-content-margin)\"><div class=\"[--thread-content-max-width:40rem] @w-lg\/main:[--thread-content-max-width:48rem] mx-auto max-w-(--thread-content-max-width) flex-1 group\/turn-messages focus-visible:outline-hidden relative flex w-full min-w-0 flex-col agent-turn\" tabindex=\"-1\"><div class=\"flex max-w-full flex-col gap-4 grow\"><div class=\"min-h-8 text-message relative flex w-full flex-col items-end gap-2 text-start break-words whitespace-normal [.text-message+&amp;]:mt-1\" dir=\"auto\" data-message-author-role=\"assistant\" data-message-id=\"65fe41c7-096f-4d55-98b4-95f34910f57e\" data-message-model-slug=\"gpt-5-2-thinking\"><div class=\"flex w-full flex-col gap-1 empty:hidden\"><div class=\"markdown prose dark:prose-invert w-full wrap-break-word dark markdown-new-styling\"><p data-start=\"0\" data-end=\"459\" data-is-last-node=\"\" data-is-only-node=\"\">\u017dilina \u2013 Beskydy 2026 stavia na tom, \u010do u\u017e v regi\u00f3ne funguje, a z\u00e1rove\u0148 vytv\u00e1ra priestor pre nov\u00e9 n\u00e1pady, form\u00e1ty a partnerstv\u00e1. Chceme, aby sa do programu mohli zapoji\u0165 r\u00f4zne skupiny \u2013 \u0161koly, komunity, kult\u00farne in\u0161tit\u00facie, podnikatelia aj n\u00e1v\u0161tevn\u00edci \u2013 a aby v\u00fdsledkom boli nielen siln\u00e9 podujatia, ale aj lep\u0161ie prepojenia medzi \u013eu\u010fmi a miestami. Rok 2026 vn\u00edmame ako \u0161tart \u2013 impulz, ktor\u00fd posiln\u00ed kult\u00farny \u017eivot a zanech\u00e1 v meste aj regi\u00f3ne vidite\u013en\u00fa stopu.<\/p><\/div><\/div><\/div><\/div><\/div><\/div><\/article><\/div>\t\t\t\t\t\t\t\t<\/div>\n\t\t\t\t<div class=\"elementor-element elementor-element-69c25f9 elementor-widget elementor-widget-button\" data-id=\"69c25f9\" data-element_type=\"widget\" data-e-type=\"widget\" data-widget_type=\"button.default\">\n\t\t\t\t\t\t\t\t\t\t<a class=\"elementor-button elementor-button-link elementor-size-sm\" href=\"https:\/\/www.kulturazilina.sk\/wp-content\/uploads\/2026\/03\/BidBook_Zilina_2026_EN-1.pdf\">\n\t\t\t\t\t\t<span class=\"elementor-button-content-wrapper\">\n\t\t\t\t\t\t\t\t\t<span class=\"elementor-button-text\">Sti\u00e1hn\u00fa\u0165<\/span>\n\t\t\t\t\t<\/span>\n\t\t\t\t\t<\/a>\n\t\t\t\t\t\t\t\t<\/div>\n\t\t\t\t<\/div>\n\t\t\t\t\t<\/div>\n\t\t\t\t<\/div>\n\t\t<div class=\"elementor-element elementor-element-77d761c e-flex e-con-boxed e-con e-parent\" data-id=\"77d761c\" data-element_type=\"container\" data-e-type=\"container\">\n\t\t\t\t\t<div class=\"e-con-inner\">\n\t\t<div class=\"elementor-element elementor-element-9c8127d e-con-full e-flex e-con e-child\" data-id=\"9c8127d\" data-element_type=\"container\" data-e-type=\"container\">\n\t\t\t\t<div class=\"elementor-element elementor-element-b388e36 elementor-widget elementor-widget-image\" data-id=\"b388e36\" data-element_type=\"widget\" data-e-type=\"widget\" data-widget_type=\"image.default\">\n\t\t\t\t\t\t\t\t\t\t\t\t\t\t\t<img decoding=\"async\" width=\"1414\" height=\"2000\" data-src=\"https:\/\/www.kulturazilina.sk\/wp-content\/uploads\/2026\/03\/2.png\" class=\"attachment-full size-full wp-image-1890 lazyload\" alt=\"\" data-srcset=\"https:\/\/www.kulturazilina.sk\/wp-content\/uploads\/2026\/03\/2.png 1414w, https:\/\/www.kulturazilina.sk\/wp-content\/uploads\/2026\/03\/2-212x300.png 212w, https:\/\/www.kulturazilina.sk\/wp-content\/uploads\/2026\/03\/2-724x1024.png 724w, https:\/\/www.kulturazilina.sk\/wp-content\/uploads\/2026\/03\/2-768x1086.png 768w, https:\/\/www.kulturazilina.sk\/wp-content\/uploads\/2026\/03\/2-1086x1536.png 1086w, https:\/\/www.kulturazilina.sk\/wp-content\/uploads\/2026\/03\/2-8x12.png 8w\" data-sizes=\"(max-width: 1414px) 100vw, 1414px\" src=\"data:image\/svg+xml;base64,PHN2ZyB3aWR0aD0iMSIgaGVpZ2h0PSIxIiB4bWxucz0iaHR0cDovL3d3dy53My5vcmcvMjAwMC9zdmciPjwvc3ZnPg==\" style=\"--smush-placeholder-width: 1414px; --smush-placeholder-aspect-ratio: 1414\/2000;\" \/>\t\t\t\t\t\t\t\t\t\t\t\t\t\t\t<\/div>\n\t\t\t\t<\/div>\n\t\t<div class=\"elementor-element elementor-element-9e4b9d0 e-con-full e-flex e-con e-child\" data-id=\"9e4b9d0\" data-element_type=\"container\" data-e-type=\"container\">\n\t\t\t\t<div class=\"elementor-element elementor-element-b60e0a5 elementor-widget__width-initial elementor-widget elementor-widget-text-editor\" data-id=\"b60e0a5\" data-element_type=\"widget\" data-e-type=\"widget\" data-widget_type=\"text-editor.default\">\n\t\t\t\t\t\t\t\t\t<p>Strat\u00e9gia <strong data-start=\"10\" data-end=\"35\">Kreat\u00edvna \u017dilina 2035<\/strong> nastavuje dlhodob\u00fd smer rozvoja kult\u00fary, kreat\u00edvneho priemyslu a kult\u00farneho cestovn\u00e9ho ruchu v \u017diline (2021\u20132035). Opiera sa o participat\u00edvnu tvorbu dokumentu (zber d\u00e1t, rozhovory, workshopy, verejn\u00e9 stretnutia) a definuje, ak\u00e9 zmeny m\u00e1 mesto dosiahnu\u0165 \u2013 od systematickej podpory kult\u00farnych akt\u00e9rov, cez posil\u0148ovanie spolupr\u00e1ce medzi zria\u010fovan\u00fdmi aj nezria\u010fovan\u00fdmi subjektmi, a\u017e po zlep\u0161ovanie podmienok pre tvorbu a dostupnos\u0165 kult\u00fary pre r\u00f4zne skupiny obyvate\u013eov.<\/p>\t\t\t\t\t\t\t\t<\/div>\n\t\t\t\t<div class=\"elementor-element elementor-element-d2848e7 elementor-widget__width-initial elementor-widget elementor-widget-text-editor\" data-id=\"d2848e7\" data-element_type=\"widget\" data-e-type=\"widget\" data-widget_type=\"text-editor.default\">\n\t\t\t\t\t\t\t\t\t<div class=\"flex flex-col text-sm pb-25\"><article class=\"text-token-text-primary w-full focus:outline-none [--shadow-height:45px] has-data-writing-block:pointer-events-none has-data-writing-block:-mt-(--shadow-height) has-data-writing-block:pt-(--shadow-height) [&amp;:has([data-writing-block])&gt;*]:pointer-events-auto scroll-mt-[calc(var(--header-height)+min(200px,max(70px,20svh)))]\" dir=\"auto\" tabindex=\"-1\" data-turn-id=\"request-69805a96-fc28-838f-8de2-df17dd6ac1cb-1\" data-testid=\"conversation-turn-575\" data-scroll-anchor=\"true\" data-turn=\"assistant\"><div class=\"text-base my-auto mx-auto pb-10 [--thread-content-margin:var(--thread-content-margin-xs,calc(var(--spacing)*4))] @w-sm\/main:[--thread-content-margin:var(--thread-content-margin-sm,calc(var(--spacing)*6))] @w-lg\/main:[--thread-content-margin:var(--thread-content-margin-lg,calc(var(--spacing)*16))] px-(--thread-content-margin)\"><div class=\"[--thread-content-max-width:40rem] @w-lg\/main:[--thread-content-max-width:48rem] mx-auto max-w-(--thread-content-max-width) flex-1 group\/turn-messages focus-visible:outline-hidden relative flex w-full min-w-0 flex-col agent-turn\" tabindex=\"-1\"><div class=\"flex max-w-full flex-col gap-4 grow\"><div class=\"min-h-8 text-message relative flex w-full flex-col items-end gap-2 text-start break-words whitespace-normal [.text-message+&amp;]:mt-1\" dir=\"auto\" data-message-author-role=\"assistant\" data-message-id=\"65fe41c7-096f-4d55-98b4-95f34910f57e\" data-message-model-slug=\"gpt-5-2-thinking\"><div class=\"flex w-full flex-col gap-1 empty:hidden\"><div class=\"markdown prose dark:prose-invert w-full wrap-break-word dark markdown-new-styling\"><p data-start=\"0\" data-end=\"459\" data-is-last-node=\"\" data-is-only-node=\"\">Z\u00e1rove\u0148 kladie d\u00f4raz na to, aby sa kult\u00fara stala vidite\u013enou s\u00fa\u010das\u0165ou identity mesta a ekonomiky: rozvoj kult\u00farnej infra\u0161trukt\u00fary a verejn\u00e9ho priestoru, podpora kreat\u00edvnych odvetv\u00ed, profesion\u00e1lnej produkcie a marketingu, aj rozvoj kult\u00farneho turizmu (prep\u00e1janie ponuky, zrozumite\u013en\u00e1 komunik\u00e1cia, budovanie zna\u010dky mesta). Strat\u00e9gia vn\u00edma rok <strong data-start=\"881\" data-end=\"906\">\u017dilina \u2013 Beskydy 2026<\/strong> ako d\u00f4le\u017eit\u00fd impulz a pr\u00edle\u017eitos\u0165 zr\u00fdchli\u0165 invest\u00edcie, partnerstv\u00e1 a kapacity tak, aby dopad presiahol jeden rok a preniesol sa do dlhodobej praxe mesta.<\/p><\/div><\/div><\/div><\/div><\/div><\/div><\/article><\/div>\t\t\t\t\t\t\t\t<\/div>\n\t\t\t\t<div class=\"elementor-element elementor-element-11946d5 elementor-widget elementor-widget-button\" data-id=\"11946d5\" data-element_type=\"widget\" data-e-type=\"widget\" data-widget_type=\"button.default\">\n\t\t\t\t\t\t\t\t\t\t<a class=\"elementor-button elementor-button-link elementor-size-sm\" href=\"https:\/\/www.kulturazilina.sk\/wp-content\/uploads\/2026\/03\/Kulturna-Strategia-2035-pre-citatelov.pdf\">\n\t\t\t\t\t\t<span class=\"elementor-button-content-wrapper\">\n\t\t\t\t\t\t\t\t\t<span class=\"elementor-button-text\">Sti\u00e1hn\u00fa\u0165<\/span>\n\t\t\t\t\t<\/span>\n\t\t\t\t\t<\/a>\n\t\t\t\t\t\t\t\t<\/div>\n\t\t\t\t<\/div>\n\t\t\t\t\t<\/div>\n\t\t\t\t<\/div>\n\t\t\t\t<\/div>\n\t\t","protected":false},"excerpt":{"rendered":"<p>\u017dilina Beskydy 2026 Eur\u00f3pske hlavn\u00e9 mesto kult\u00fary \u017dilina \u2013 Beskydy 2026 prin\u00e1\u0161a kult\u00faru bli\u017e\u0161ie k \u013eu\u010fom a men\u00ed ju na n\u00e1stroj spolupr\u00e1ce, rozvoja aj ka\u017edodenn\u00e9ho mestsk\u00e9ho \u017eivota. Ako Eur\u00f3pske hlavn\u00e9 [&hellip;]<\/p>\n","protected":false},"author":1,"featured_media":0,"parent":0,"menu_order":0,"comment_status":"closed","ping_status":"closed","template":"elementor_header_footer","meta":{"_acf_changed":false,"footnotes":""},"class_list":["post-1882","page","type-page","status-publish","hentry"],"acf":[],"_links":{"self":[{"href":"https:\/\/www.kulturazilina.sk\/en\/wp-json\/wp\/v2\/pages\/1882","targetHints":{"allow":["GET"]}}],"collection":[{"href":"https:\/\/www.kulturazilina.sk\/en\/wp-json\/wp\/v2\/pages"}],"about":[{"href":"https:\/\/www.kulturazilina.sk\/en\/wp-json\/wp\/v2\/types\/page"}],"author":[{"embeddable":true,"href":"https:\/\/www.kulturazilina.sk\/en\/wp-json\/wp\/v2\/users\/1"}],"replies":[{"embeddable":true,"href":"https:\/\/www.kulturazilina.sk\/en\/wp-json\/wp\/v2\/comments?post=1882"}],"version-history":[{"count":41,"href":"https:\/\/www.kulturazilina.sk\/en\/wp-json\/wp\/v2\/pages\/1882\/revisions"}],"predecessor-version":[{"id":2457,"href":"https:\/\/www.kulturazilina.sk\/en\/wp-json\/wp\/v2\/pages\/1882\/revisions\/2457"}],"wp:attachment":[{"href":"https:\/\/www.kulturazilina.sk\/en\/wp-json\/wp\/v2\/media?parent=1882"}],"curies":[{"name":"wp","href":"https:\/\/api.w.org\/{rel}","templated":true}]}}