{"id":1364,"date":"2026-02-25T12:51:03","date_gmt":"2026-02-25T11:51:03","guid":{"rendered":"https:\/\/www.kulturazilina.sk\/?page_id=1364"},"modified":"2026-02-25T13:22:17","modified_gmt":"2026-02-25T12:22:17","slug":"vianocne-trhy","status":"publish","type":"page","link":"https:\/\/www.kulturazilina.sk\/en\/vianocne-trhy\/","title":{"rendered":"Viano\u010dn\u00e9 trhy"},"content":{"rendered":"<div data-elementor-type=\"wp-page\" data-elementor-id=\"1364\" class=\"elementor elementor-1364\" data-elementor-post-type=\"page\">\n\t\t\t\t<div class=\"elementor-element elementor-element-e7821b4 e-flex e-con-boxed e-con e-parent\" data-id=\"e7821b4\" data-element_type=\"container\" data-e-type=\"container\">\n\t\t\t\t\t<div class=\"e-con-inner\">\n\t\t<div class=\"elementor-element elementor-element-24a64ae e-con-full e-flex e-con e-child\" data-id=\"24a64ae\" data-element_type=\"container\" data-e-type=\"container\" data-settings=\"{&quot;background_background&quot;:&quot;classic&quot;}\">\n\t\t\t\t<div class=\"elementor-element elementor-element-544d45a elementor-widget elementor-widget-heading\" data-id=\"544d45a\" data-element_type=\"widget\" data-e-type=\"widget\" data-widget_type=\"heading.default\">\n\t\t\t\t\t<h2 class=\"elementor-heading-title elementor-size-default translation-block\">Christmas markets<\/h2>\t\t\t\t<\/div>\n\t\t<div class=\"elementor-element elementor-element-74654d8 e-con-full e-flex e-con e-child\" data-id=\"74654d8\" data-element_type=\"container\" data-e-type=\"container\">\n\t\t\t\t<div class=\"elementor-element elementor-element-373af0a elementor-widget__width-auto elementor-widget elementor-widget-heading\" data-id=\"373af0a\" data-element_type=\"widget\" data-e-type=\"widget\" data-widget_type=\"heading.default\">\n\t\t\t\t\t<h2 class=\"elementor-heading-title elementor-size-default\">December.2026<\/h2>\t\t\t\t<\/div>\n\t\t\t\t<\/div>\n\t\t\t\t<\/div>\n\t\t<div class=\"elementor-element elementor-element-fafabd8 e-con-full e-flex e-con e-child\" data-id=\"fafabd8\" data-element_type=\"container\" data-e-type=\"container\" data-settings=\"{&quot;background_background&quot;:&quot;classic&quot;}\">\n\t\t\t\t<\/div>\n\t\t\t\t\t<\/div>\n\t\t\t\t<\/div>\n\t\t<div class=\"elementor-element elementor-element-07f0a8b e-flex e-con-boxed e-con e-parent\" data-id=\"07f0a8b\" data-element_type=\"container\" data-e-type=\"container\">\n\t\t\t\t\t<div class=\"e-con-inner\">\n\t\t<div class=\"elementor-element elementor-element-18c6143 e-con-full e-flex e-con e-child\" data-id=\"18c6143\" data-element_type=\"container\" data-e-type=\"container\">\n\t\t\t\t<div class=\"elementor-element elementor-element-fdd6211 elementor-widget__width-initial elementor-widget elementor-widget-text-editor\" data-id=\"fdd6211\" data-element_type=\"widget\" data-e-type=\"widget\" data-widget_type=\"text-editor.default\">\n\t\t\t\t\t\t\t\t\t<p data-start=\"0\" data-end=\"241\">Viano\u010dn\u00e9 trhy v \u017diline prin\u00e1\u0161aj\u00fa do centra mesta sviato\u010dn\u00fa atmosf\u00e9ru a vytv\u00e1raj\u00fa prirodzen\u00e9 miesto stret\u00e1vania po\u010das adventu. Mari\u00e1nske n\u00e1mestie sa v tomto obdob\u00ed men\u00ed na \u017eiv\u00fd priestor, kde sa sp\u00e1ja trad\u00edcia, kult\u00farny program a mestsk\u00fd ruch.<\/p><p data-start=\"243\" data-end=\"503\">D\u00f4le\u017eitou s\u00fa\u010das\u0165ou trhov s\u00fa lok\u00e1lni predajcovia, remeseln\u00edci a gastro st\u00e1nky, ktor\u00e9 pon\u00fakaj\u00fa produkty a chute typick\u00e9 pre zimn\u00e9 obdobie. Trhy tak podporuj\u00fa miestnych tvorcov a z\u00e1rove\u0148 prin\u00e1\u0161aj\u00fa n\u00e1v\u0161tevn\u00edkom pr\u00edjemn\u00fd d\u00f4vod pr\u00eds\u0165 do centra a str\u00e1vi\u0165 \u010das v meste.<\/p>\t\t\t\t\t\t\t\t<\/div>\n\t\t\t\t<\/div>\n\t\t<div class=\"elementor-element elementor-element-b80ea84 e-con-full e-flex e-con e-child\" data-id=\"b80ea84\" data-element_type=\"container\" data-e-type=\"container\">\n\t\t\t\t<div class=\"elementor-element elementor-element-4319251 elementor-widget__width-initial elementor-widget elementor-widget-text-editor\" data-id=\"4319251\" data-element_type=\"widget\" data-e-type=\"widget\" data-widget_type=\"text-editor.default\">\n\t\t\t\t\t\t\t\t\t<p data-start=\"505\" data-end=\"763\">Popri predaji pon\u00fakaj\u00fa trhy aj sprievodn\u00fd kult\u00farny program \u2013 koncerty, vyst\u00fapenia a rodinn\u00e9 form\u00e1ty, ktor\u00e9 dotv\u00e1raj\u00fa sviato\u010dn\u00fd charakter podujatia. Program je nastaven\u00fd tak, aby bol dostupn\u00fd pre \u0161irok\u00fa verejnos\u0165 a aby si svoje na\u0161li rodiny, mlad\u00ed aj seniori.<\/p><p data-start=\"765\" data-end=\"1029\">Cie\u013eom Viano\u010dn\u00fdch trhov je prinies\u0165 do \u017diliny teplo a komunitn\u00fa energiu zimn\u00fdch dn\u00ed \u2013 kult\u00faru, ktor\u00e1 je bl\u00edzko \u013eu\u010fom, priamo vo verejnom priestore. V\u010faka tomu trhy nie s\u00fa len o n\u00e1kupoch, ale najm\u00e4 o z\u00e1\u017eitku, ktor\u00fd sp\u00e1ja \u013eud\u00ed a vytv\u00e1ra siln\u00fd moment v mestskom roku.<\/p>\t\t\t\t\t\t\t\t<\/div>\n\t\t\t\t<\/div>\n\t\t\t\t\t<\/div>\n\t\t\t\t<\/div>\n\t\t<div class=\"elementor-element elementor-element-267b74b e-flex e-con-boxed e-con e-parent\" data-id=\"267b74b\" data-element_type=\"container\" data-e-type=\"container\">\n\t\t\t\t\t<div class=\"e-con-inner\">\n\t\t\t\t<div class=\"elementor-element elementor-element-82ea861 elementor-hidden-widescreen elementor-hidden-desktop elementor-hidden-laptop elementor-hidden-tablet_extra elementor-hidden-tablet elementor-hidden-mobile_extra elementor-hidden-mobile elementor-widget elementor-widget-n-accordion\" data-id=\"82ea861\" data-element_type=\"widget\" data-e-type=\"widget\" data-settings=\"{&quot;default_state&quot;:&quot;all_collapsed&quot;,&quot;max_items_expended&quot;:&quot;one&quot;,&quot;n_accordion_animation_duration&quot;:{&quot;unit&quot;:&quot;ms&quot;,&quot;size&quot;:400,&quot;sizes&quot;:[]}}\" data-widget_type=\"nested-accordion.default\">\n\t\t\t\t\t\t\t<div class=\"e-n-accordion\" aria-label=\"Accordion. Open links with Enter or Space, close with Escape, and navigate with Arrow Keys\">\n\t\t\t\t\t\t<details id=\"e-n-accordion-item-1370\" class=\"e-n-accordion-item\" >\n\t\t\t\t<summary class=\"e-n-accordion-item-title\" data-accordion-index=\"1\" tabindex=\"0\" aria-expanded=\"false\" aria-controls=\"e-n-accordion-item-1370\" >\n\t\t\t\t\t<span class='e-n-accordion-item-title-header'><div class=\"e-n-accordion-item-title-text\"> Program <\/div><\/span>\n\t\t\t\t\t\t\t\t\t<\/summary>\n\t\t\t\t<div role=\"region\" aria-labelledby=\"e-n-accordion-item-1370\" class=\"elementor-element elementor-element-0b33cd5 e-con-full e-flex e-con e-child\" data-id=\"0b33cd5\" data-element_type=\"container\" data-e-type=\"container\">\n\t\t<div role=\"region\" aria-labelledby=\"e-n-accordion-item-1370\" class=\"elementor-element elementor-element-d316755 e-con-full e-flex e-con e-child\" data-id=\"d316755\" data-element_type=\"container\" data-e-type=\"container\">\n\t\t\t\t<div class=\"elementor-element elementor-element-4f7a43e elementor-widget__width-initial elementor-widget elementor-widget-text-editor\" data-id=\"4f7a43e\" data-element_type=\"widget\" data-e-type=\"widget\" data-widget_type=\"text-editor.default\">\n\t\t\t\t\t\t\t\t\t<p>The parade of masks will set off from the area in front of the City Hall and, accompanied by the energy of the carnival, will move to the center. You can look forward to a variety of masks, music, and \"live\" characters that will create a unique atmosphere in the streets of the city.<\/p><p>Po sprievode sa fa\u0161iangov\u00e1 n\u00e1lada presunie na\u00a0<strong>Mari\u00e1nske n\u00e1mestie<\/strong>, kde bude pokra\u010dova\u0165 program:<\/p><p><strong>15:15<\/strong>\u00a0\u00bb priv\u00edtanie Draka a kr\u00e1\u013eovnej<br \/><strong>16:00<\/strong>\u00a0\u00bb vyst\u00fapenie folkl\u00f3rnych s\u00faborov a pochov\u00e1vanie basy<\/p><p>For a while, Mari\u00e1nske Square will become the focal point of the carnival celebrations \u2013 a place where traditional elements meet urban energy and where everyone can find something to suit them: from a quick stop to watch the program to a full afternoon of entertainment.<\/p><p>Carnival is not just about the program \u2013 it's about the shared experience. It's about the city center temporarily transforming into a place where people naturally meet, greet each other, laugh, and share in the atmosphere of a tradition that has been part of the city for generations.<\/p><p><strong>There will also be food stands offering pork specialties, hot drinks, fresh pastries, and fragrant sweet gingerbread.\u00a0<\/strong><\/p>\t\t\t\t\t\t\t\t<\/div>\n\t\t\t\t<\/div>\n\t\t<div role=\"region\" aria-labelledby=\"e-n-accordion-item-1370\" class=\"elementor-element elementor-element-5de2b0e e-con-full e-flex e-con e-child\" data-id=\"5de2b0e\" data-element_type=\"container\" data-e-type=\"container\">\n\t\t\t\t<div class=\"elementor-element elementor-element-91fb515 elementor-widget__width-initial elementor-widget elementor-widget-text-editor\" data-id=\"91fb515\" data-element_type=\"widget\" data-e-type=\"widget\" data-widget_type=\"text-editor.default\">\n\t\t\t\t\t\t\t\t\t<p>The parade of masks will set off from the area in front of the City Hall and, accompanied by the energy of the carnival, will move to the center. You can look forward to a variety of masks, music, and \"live\" characters that will create a unique atmosphere in the streets of the city.<\/p><p>Po sprievode sa fa\u0161iangov\u00e1 n\u00e1lada presunie na\u00a0<strong>Mari\u00e1nske n\u00e1mestie<\/strong>, kde bude pokra\u010dova\u0165 program:<\/p><p><strong>15:15<\/strong>\u00a0\u00bb priv\u00edtanie Draka a kr\u00e1\u013eovnej<br \/><strong>16:00<\/strong>\u00a0\u00bb vyst\u00fapenie folkl\u00f3rnych s\u00faborov a pochov\u00e1vanie basy<\/p><p>For a while, Mari\u00e1nske Square will become the focal point of the carnival celebrations \u2013 a place where traditional elements meet urban energy and where everyone can find something to suit them: from a quick stop to watch the program to a full afternoon of entertainment.<\/p><p>Carnival is not just about the program \u2013 it's about the shared experience. It's about the city center temporarily transforming into a place where people naturally meet, greet each other, laugh, and share in the atmosphere of a tradition that has been part of the city for generations.<\/p><p><strong>There will also be food stands offering pork specialties, hot drinks, fresh pastries, and fragrant sweet gingerbread.\u00a0<\/strong><\/p>\t\t\t\t\t\t\t\t<\/div>\n\t\t\t\t<\/div>\n\t\t\t\t<\/div>\n\t\t\t\t\t<\/details>\n\t\t\t\t\t<\/div>\n\t\t\t\t\t\t<\/div>\n\t\t\t\t\t<\/div>\n\t\t\t\t<\/div>\n\t\t<div class=\"elementor-element elementor-element-35d4d80 e-flex e-con-boxed e-con e-parent\" data-id=\"35d4d80\" data-element_type=\"container\" data-e-type=\"container\">\n\t\t\t\t\t<div class=\"e-con-inner\">\n\t\t\t\t<div class=\"elementor-element elementor-element-d1cc780 elementor-widget elementor-widget-gallery\" data-id=\"d1cc780\" data-element_type=\"widget\" data-e-type=\"widget\" data-settings=\"{&quot;lazyload&quot;:&quot;yes&quot;,&quot;gallery_layout&quot;:&quot;grid&quot;,&quot;columns&quot;:4,&quot;columns_tablet&quot;:2,&quot;columns_mobile&quot;:1,&quot;gap&quot;:{&quot;unit&quot;:&quot;px&quot;,&quot;size&quot;:10,&quot;sizes&quot;:[]},&quot;gap_widescreen&quot;:{&quot;unit&quot;:&quot;px&quot;,&quot;size&quot;:&quot;&quot;,&quot;sizes&quot;:[]},&quot;gap_laptop&quot;:{&quot;unit&quot;:&quot;px&quot;,&quot;size&quot;:10,&quot;sizes&quot;:[]},&quot;gap_tablet_extra&quot;:{&quot;unit&quot;:&quot;px&quot;,&quot;size&quot;:10,&quot;sizes&quot;:[]},&quot;gap_tablet&quot;:{&quot;unit&quot;:&quot;px&quot;,&quot;size&quot;:10,&quot;sizes&quot;:[]},&quot;gap_mobile_extra&quot;:{&quot;unit&quot;:&quot;px&quot;,&quot;size&quot;:10,&quot;sizes&quot;:[]},&quot;gap_mobile&quot;:{&quot;unit&quot;:&quot;px&quot;,&quot;size&quot;:10,&quot;sizes&quot;:[]},&quot;link_to&quot;:&quot;file&quot;,&quot;aspect_ratio&quot;:&quot;3:2&quot;,&quot;overlay_background&quot;:&quot;yes&quot;,&quot;content_hover_animation&quot;:&quot;fade-in&quot;}\" data-widget_type=\"gallery.default\">\n\t\t\t\t\t\t\t<div class=\"elementor-gallery__container\">\n\t\t\t\t\t\t\t<a class=\"e-gallery-item elementor-gallery-item elementor-animated-content\" href=\"https:\/\/www.kulturazilina.sk\/wp-content\/uploads\/2026\/01\/3.png\" data-elementor-open-lightbox=\"yes\" data-elementor-lightbox-slideshow=\"d1cc780\" data-elementor-lightbox-title=\"3\" data-e-action-hash=\"#elementor-action%3Aaction%3Dlightbox%26settings%3DeyJpZCI6NDMzLCJ1cmwiOiJodHRwczpcL1wvd3d3Lmt1bHR1cmF6aWxpbmEuc2tcL3dwLWNvbnRlbnRcL3VwbG9hZHNcLzIwMjZcLzAxXC8zLnBuZyIsInNsaWRlc2hvdyI6ImQxY2M3ODAifQ%3D%3D\">\n\t\t\t\t\t<div class=\"e-gallery-image elementor-gallery-item__image\" data-thumbnail=\"https:\/\/www.kulturazilina.sk\/wp-content\/uploads\/2026\/01\/3.png\" data-width=\"1500\" data-height=\"750\" aria-label=\"\" role=\"img\" ><\/div>\n\t\t\t\t\t\t\t\t\t\t\t<div class=\"elementor-gallery-item__overlay\"><\/div>\n\t\t\t\t\t\t\t\t\t\t\t\t\t\t<\/a>\n\t\t\t\t\t\t\t<a class=\"e-gallery-item elementor-gallery-item elementor-animated-content\" href=\"https:\/\/www.kulturazilina.sk\/wp-content\/uploads\/2026\/02\/1764508883-foto-zabery-zo-slavnostneho-otvorenia-vianocnych-trhov-1.jpg\" data-elementor-open-lightbox=\"yes\" data-elementor-lightbox-slideshow=\"d1cc780\" data-elementor-lightbox-title=\"1764508883-foto-zabery-zo-slavnostneho-otvorenia-vianocnych-trhov-1\" data-e-action-hash=\"#elementor-action%3Aaction%3Dlightbox%26settings%3DeyJpZCI6MTM3NiwidXJsIjoiaHR0cHM6XC9cL3d3dy5rdWx0dXJhemlsaW5hLnNrXC93cC1jb250ZW50XC91cGxvYWRzXC8yMDI2XC8wMlwvMTc2NDUwODg4My1mb3RvLXphYmVyeS16by1zbGF2bm9zdG5laG8tb3R2b3JlbmlhLXZpYW5vY255Y2gtdHJob3YtMS5qcGciLCJzbGlkZXNob3ciOiJkMWNjNzgwIn0%3D\">\n\t\t\t\t\t<div class=\"e-gallery-image elementor-gallery-item__image\" data-thumbnail=\"https:\/\/www.kulturazilina.sk\/wp-content\/uploads\/2026\/02\/1764508883-foto-zabery-zo-slavnostneho-otvorenia-vianocnych-trhov-1.jpg\" data-width=\"1200\" data-height=\"800\" aria-label=\"\" role=\"img\" ><\/div>\n\t\t\t\t\t\t\t\t\t\t\t<div class=\"elementor-gallery-item__overlay\"><\/div>\n\t\t\t\t\t\t\t\t\t\t\t\t\t\t<\/a>\n\t\t\t\t\t\t\t<a class=\"e-gallery-item elementor-gallery-item elementor-animated-content\" href=\"https:\/\/www.kulturazilina.sk\/wp-content\/uploads\/2026\/02\/1764508884-foto-zabery-zo-slavnostneho-otvorenia-vianocnych-trhov-2.jpg\" data-elementor-open-lightbox=\"yes\" data-elementor-lightbox-slideshow=\"d1cc780\" data-elementor-lightbox-title=\"1764508884-foto-zabery-zo-slavnostneho-otvorenia-vianocnych-trhov-2\" data-e-action-hash=\"#elementor-action%3Aaction%3Dlightbox%26settings%3DeyJpZCI6MTM3NywidXJsIjoiaHR0cHM6XC9cL3d3dy5rdWx0dXJhemlsaW5hLnNrXC93cC1jb250ZW50XC91cGxvYWRzXC8yMDI2XC8wMlwvMTc2NDUwODg4NC1mb3RvLXphYmVyeS16by1zbGF2bm9zdG5laG8tb3R2b3JlbmlhLXZpYW5vY255Y2gtdHJob3YtMi5qcGciLCJzbGlkZXNob3ciOiJkMWNjNzgwIn0%3D\">\n\t\t\t\t\t<div class=\"e-gallery-image elementor-gallery-item__image\" data-thumbnail=\"https:\/\/www.kulturazilina.sk\/wp-content\/uploads\/2026\/02\/1764508884-foto-zabery-zo-slavnostneho-otvorenia-vianocnych-trhov-2.jpg\" data-width=\"1200\" data-height=\"800\" aria-label=\"\" role=\"img\" ><\/div>\n\t\t\t\t\t\t\t\t\t\t\t<div class=\"elementor-gallery-item__overlay\"><\/div>\n\t\t\t\t\t\t\t\t\t\t\t\t\t\t<\/a>\n\t\t\t\t\t\t\t<a class=\"e-gallery-item elementor-gallery-item elementor-animated-content\" href=\"https:\/\/www.kulturazilina.sk\/wp-content\/uploads\/2026\/02\/1764508885-foto-zabery-zo-slavnostneho-otvorenia-vianocnych-trhov-3.jpg\" data-elementor-open-lightbox=\"yes\" data-elementor-lightbox-slideshow=\"d1cc780\" data-elementor-lightbox-title=\"1764508885-foto-zabery-zo-slavnostneho-otvorenia-vianocnych-trhov-3\" data-e-action-hash=\"#elementor-action%3Aaction%3Dlightbox%26settings%3DeyJpZCI6MTM3OCwidXJsIjoiaHR0cHM6XC9cL3d3dy5rdWx0dXJhemlsaW5hLnNrXC93cC1jb250ZW50XC91cGxvYWRzXC8yMDI2XC8wMlwvMTc2NDUwODg4NS1mb3RvLXphYmVyeS16by1zbGF2bm9zdG5laG8tb3R2b3JlbmlhLXZpYW5vY255Y2gtdHJob3YtMy5qcGciLCJzbGlkZXNob3ciOiJkMWNjNzgwIn0%3D\">\n\t\t\t\t\t<div class=\"e-gallery-image elementor-gallery-item__image\" data-thumbnail=\"https:\/\/www.kulturazilina.sk\/wp-content\/uploads\/2026\/02\/1764508885-foto-zabery-zo-slavnostneho-otvorenia-vianocnych-trhov-3.jpg\" data-width=\"1200\" data-height=\"800\" aria-label=\"\" role=\"img\" ><\/div>\n\t\t\t\t\t\t\t\t\t\t\t<div class=\"elementor-gallery-item__overlay\"><\/div>\n\t\t\t\t\t\t\t\t\t\t\t\t\t\t<\/a>\n\t\t\t\t\t\t\t<a class=\"e-gallery-item elementor-gallery-item elementor-animated-content\" href=\"https:\/\/www.kulturazilina.sk\/wp-content\/uploads\/2026\/02\/1764508887-foto-zabery-zo-slavnostneho-otvorenia-vianocnych-trhov-4.jpg\" data-elementor-open-lightbox=\"yes\" data-elementor-lightbox-slideshow=\"d1cc780\" data-elementor-lightbox-title=\"1764508887-foto-zabery-zo-slavnostneho-otvorenia-vianocnych-trhov-4\" data-e-action-hash=\"#elementor-action%3Aaction%3Dlightbox%26settings%3DeyJpZCI6MTM3OSwidXJsIjoiaHR0cHM6XC9cL3d3dy5rdWx0dXJhemlsaW5hLnNrXC93cC1jb250ZW50XC91cGxvYWRzXC8yMDI2XC8wMlwvMTc2NDUwODg4Ny1mb3RvLXphYmVyeS16by1zbGF2bm9zdG5laG8tb3R2b3JlbmlhLXZpYW5vY255Y2gtdHJob3YtNC5qcGciLCJzbGlkZXNob3ciOiJkMWNjNzgwIn0%3D\">\n\t\t\t\t\t<div class=\"e-gallery-image elementor-gallery-item__image\" data-thumbnail=\"https:\/\/www.kulturazilina.sk\/wp-content\/uploads\/2026\/02\/1764508887-foto-zabery-zo-slavnostneho-otvorenia-vianocnych-trhov-4.jpg\" data-width=\"1200\" data-height=\"800\" aria-label=\"\" role=\"img\" ><\/div>\n\t\t\t\t\t\t\t\t\t\t\t<div class=\"elementor-gallery-item__overlay\"><\/div>\n\t\t\t\t\t\t\t\t\t\t\t\t\t\t<\/a>\n\t\t\t\t\t\t\t<a class=\"e-gallery-item elementor-gallery-item elementor-animated-content\" href=\"https:\/\/www.kulturazilina.sk\/wp-content\/uploads\/2026\/02\/1764508888-foto-zabery-zo-slavnostneho-otvorenia-vianocnych-trhov-5.jpg\" data-elementor-open-lightbox=\"yes\" data-elementor-lightbox-slideshow=\"d1cc780\" data-elementor-lightbox-title=\"1764508888-foto-zabery-zo-slavnostneho-otvorenia-vianocnych-trhov-5\" data-e-action-hash=\"#elementor-action%3Aaction%3Dlightbox%26settings%3DeyJpZCI6MTM4MCwidXJsIjoiaHR0cHM6XC9cL3d3dy5rdWx0dXJhemlsaW5hLnNrXC93cC1jb250ZW50XC91cGxvYWRzXC8yMDI2XC8wMlwvMTc2NDUwODg4OC1mb3RvLXphYmVyeS16by1zbGF2bm9zdG5laG8tb3R2b3JlbmlhLXZpYW5vY255Y2gtdHJob3YtNS5qcGciLCJzbGlkZXNob3ciOiJkMWNjNzgwIn0%3D\">\n\t\t\t\t\t<div class=\"e-gallery-image elementor-gallery-item__image\" data-thumbnail=\"https:\/\/www.kulturazilina.sk\/wp-content\/uploads\/2026\/02\/1764508888-foto-zabery-zo-slavnostneho-otvorenia-vianocnych-trhov-5.jpg\" data-width=\"1200\" data-height=\"800\" aria-label=\"\" role=\"img\" ><\/div>\n\t\t\t\t\t\t\t\t\t\t\t<div class=\"elementor-gallery-item__overlay\"><\/div>\n\t\t\t\t\t\t\t\t\t\t\t\t\t\t<\/a>\n\t\t\t\t\t\t\t<a class=\"e-gallery-item elementor-gallery-item elementor-animated-content\" href=\"https:\/\/www.kulturazilina.sk\/wp-content\/uploads\/2026\/02\/1764508889-foto-zabery-zo-slavnostneho-otvorenia-vianocnych-trhov-6.jpg\" data-elementor-open-lightbox=\"yes\" data-elementor-lightbox-slideshow=\"d1cc780\" data-elementor-lightbox-title=\"1764508889-foto-zabery-zo-slavnostneho-otvorenia-vianocnych-trhov-6\" data-e-action-hash=\"#elementor-action%3Aaction%3Dlightbox%26settings%3DeyJpZCI6MTM4MSwidXJsIjoiaHR0cHM6XC9cL3d3dy5rdWx0dXJhemlsaW5hLnNrXC93cC1jb250ZW50XC91cGxvYWRzXC8yMDI2XC8wMlwvMTc2NDUwODg4OS1mb3RvLXphYmVyeS16by1zbGF2bm9zdG5laG8tb3R2b3JlbmlhLXZpYW5vY255Y2gtdHJob3YtNi5qcGciLCJzbGlkZXNob3ciOiJkMWNjNzgwIn0%3D\">\n\t\t\t\t\t<div class=\"e-gallery-image elementor-gallery-item__image\" data-thumbnail=\"https:\/\/www.kulturazilina.sk\/wp-content\/uploads\/2026\/02\/1764508889-foto-zabery-zo-slavnostneho-otvorenia-vianocnych-trhov-6.jpg\" data-width=\"1200\" data-height=\"800\" aria-label=\"\" role=\"img\" ><\/div>\n\t\t\t\t\t\t\t\t\t\t\t<div class=\"elementor-gallery-item__overlay\"><\/div>\n\t\t\t\t\t\t\t\t\t\t\t\t\t\t<\/a>\n\t\t\t\t\t\t\t<a class=\"e-gallery-item elementor-gallery-item elementor-animated-content\" href=\"https:\/\/www.kulturazilina.sk\/wp-content\/uploads\/2026\/02\/1764508891-foto-zabery-zo-slavnostneho-otvorenia-vianocnych-trhov-7.jpg\" data-elementor-open-lightbox=\"yes\" data-elementor-lightbox-slideshow=\"d1cc780\" data-elementor-lightbox-title=\"1764508891-foto-zabery-zo-slavnostneho-otvorenia-vianocnych-trhov-7\" data-e-action-hash=\"#elementor-action%3Aaction%3Dlightbox%26settings%3DeyJpZCI6MTM4MiwidXJsIjoiaHR0cHM6XC9cL3d3dy5rdWx0dXJhemlsaW5hLnNrXC93cC1jb250ZW50XC91cGxvYWRzXC8yMDI2XC8wMlwvMTc2NDUwODg5MS1mb3RvLXphYmVyeS16by1zbGF2bm9zdG5laG8tb3R2b3JlbmlhLXZpYW5vY255Y2gtdHJob3YtNy5qcGciLCJzbGlkZXNob3ciOiJkMWNjNzgwIn0%3D\">\n\t\t\t\t\t<div class=\"e-gallery-image elementor-gallery-item__image\" data-thumbnail=\"https:\/\/www.kulturazilina.sk\/wp-content\/uploads\/2026\/02\/1764508891-foto-zabery-zo-slavnostneho-otvorenia-vianocnych-trhov-7.jpg\" data-width=\"1200\" data-height=\"800\" aria-label=\"\" role=\"img\" ><\/div>\n\t\t\t\t\t\t\t\t\t\t\t<div class=\"elementor-gallery-item__overlay\"><\/div>\n\t\t\t\t\t\t\t\t\t\t\t\t\t\t<\/a>\n\t\t\t\t\t\t\t<a class=\"e-gallery-item elementor-gallery-item elementor-animated-content\" href=\"https:\/\/www.kulturazilina.sk\/wp-content\/uploads\/2026\/02\/1764508892-foto-zabery-zo-slavnostneho-otvorenia-vianocnych-trhov-8.jpg\" data-elementor-open-lightbox=\"yes\" data-elementor-lightbox-slideshow=\"d1cc780\" data-elementor-lightbox-title=\"1764508892-foto-zabery-zo-slavnostneho-otvorenia-vianocnych-trhov-8\" data-e-action-hash=\"#elementor-action%3Aaction%3Dlightbox%26settings%3DeyJpZCI6MTM4MywidXJsIjoiaHR0cHM6XC9cL3d3dy5rdWx0dXJhemlsaW5hLnNrXC93cC1jb250ZW50XC91cGxvYWRzXC8yMDI2XC8wMlwvMTc2NDUwODg5Mi1mb3RvLXphYmVyeS16by1zbGF2bm9zdG5laG8tb3R2b3JlbmlhLXZpYW5vY255Y2gtdHJob3YtOC5qcGciLCJzbGlkZXNob3ciOiJkMWNjNzgwIn0%3D\">\n\t\t\t\t\t<div class=\"e-gallery-image elementor-gallery-item__image\" data-thumbnail=\"https:\/\/www.kulturazilina.sk\/wp-content\/uploads\/2026\/02\/1764508892-foto-zabery-zo-slavnostneho-otvorenia-vianocnych-trhov-8.jpg\" data-width=\"1200\" data-height=\"800\" aria-label=\"\" role=\"img\" ><\/div>\n\t\t\t\t\t\t\t\t\t\t\t<div class=\"elementor-gallery-item__overlay\"><\/div>\n\t\t\t\t\t\t\t\t\t\t\t\t\t\t<\/a>\n\t\t\t\t\t\t\t<a class=\"e-gallery-item elementor-gallery-item elementor-animated-content\" href=\"https:\/\/www.kulturazilina.sk\/wp-content\/uploads\/2026\/02\/1764508893-foto-zabery-zo-slavnostneho-otvorenia-vianocnych-trhov-9.jpg\" data-elementor-open-lightbox=\"yes\" data-elementor-lightbox-slideshow=\"d1cc780\" data-elementor-lightbox-title=\"1764508893-foto-zabery-zo-slavnostneho-otvorenia-vianocnych-trhov-9\" data-e-action-hash=\"#elementor-action%3Aaction%3Dlightbox%26settings%3DeyJpZCI6MTM4NCwidXJsIjoiaHR0cHM6XC9cL3d3dy5rdWx0dXJhemlsaW5hLnNrXC93cC1jb250ZW50XC91cGxvYWRzXC8yMDI2XC8wMlwvMTc2NDUwODg5My1mb3RvLXphYmVyeS16by1zbGF2bm9zdG5laG8tb3R2b3JlbmlhLXZpYW5vY255Y2gtdHJob3YtOS5qcGciLCJzbGlkZXNob3ciOiJkMWNjNzgwIn0%3D\">\n\t\t\t\t\t<div class=\"e-gallery-image elementor-gallery-item__image\" data-thumbnail=\"https:\/\/www.kulturazilina.sk\/wp-content\/uploads\/2026\/02\/1764508893-foto-zabery-zo-slavnostneho-otvorenia-vianocnych-trhov-9.jpg\" data-width=\"1200\" data-height=\"800\" aria-label=\"\" role=\"img\" ><\/div>\n\t\t\t\t\t\t\t\t\t\t\t<div class=\"elementor-gallery-item__overlay\"><\/div>\n\t\t\t\t\t\t\t\t\t\t\t\t\t\t<\/a>\n\t\t\t\t\t\t\t<a class=\"e-gallery-item elementor-gallery-item elementor-animated-content\" href=\"https:\/\/www.kulturazilina.sk\/wp-content\/uploads\/2026\/02\/1764508894-foto-zabery-zo-slavnostneho-otvorenia-vianocnych-trhov-10.jpg\" data-elementor-open-lightbox=\"yes\" data-elementor-lightbox-slideshow=\"d1cc780\" data-elementor-lightbox-title=\"1764508894-foto-zabery-zo-slavnostneho-otvorenia-vianocnych-trhov-10\" data-e-action-hash=\"#elementor-action%3Aaction%3Dlightbox%26settings%3DeyJpZCI6MTM4NSwidXJsIjoiaHR0cHM6XC9cL3d3dy5rdWx0dXJhemlsaW5hLnNrXC93cC1jb250ZW50XC91cGxvYWRzXC8yMDI2XC8wMlwvMTc2NDUwODg5NC1mb3RvLXphYmVyeS16by1zbGF2bm9zdG5laG8tb3R2b3JlbmlhLXZpYW5vY255Y2gtdHJob3YtMTAuanBnIiwic2xpZGVzaG93IjoiZDFjYzc4MCJ9\">\n\t\t\t\t\t<div class=\"e-gallery-image elementor-gallery-item__image\" data-thumbnail=\"https:\/\/www.kulturazilina.sk\/wp-content\/uploads\/2026\/02\/1764508894-foto-zabery-zo-slavnostneho-otvorenia-vianocnych-trhov-10.jpg\" data-width=\"1200\" data-height=\"800\" aria-label=\"\" role=\"img\" ><\/div>\n\t\t\t\t\t\t\t\t\t\t\t<div class=\"elementor-gallery-item__overlay\"><\/div>\n\t\t\t\t\t\t\t\t\t\t\t\t\t\t<\/a>\n\t\t\t\t\t\t\t<a class=\"e-gallery-item elementor-gallery-item elementor-animated-content\" href=\"https:\/\/www.kulturazilina.sk\/wp-content\/uploads\/2026\/02\/1764508895-foto-zabery-zo-slavnostneho-otvorenia-vianocnych-trhov-11.jpg\" data-elementor-open-lightbox=\"yes\" data-elementor-lightbox-slideshow=\"d1cc780\" data-elementor-lightbox-title=\"1764508895-foto-zabery-zo-slavnostneho-otvorenia-vianocnych-trhov-11\" data-e-action-hash=\"#elementor-action%3Aaction%3Dlightbox%26settings%3DeyJpZCI6MTM4NiwidXJsIjoiaHR0cHM6XC9cL3d3dy5rdWx0dXJhemlsaW5hLnNrXC93cC1jb250ZW50XC91cGxvYWRzXC8yMDI2XC8wMlwvMTc2NDUwODg5NS1mb3RvLXphYmVyeS16by1zbGF2bm9zdG5laG8tb3R2b3JlbmlhLXZpYW5vY255Y2gtdHJob3YtMTEuanBnIiwic2xpZGVzaG93IjoiZDFjYzc4MCJ9\">\n\t\t\t\t\t<div class=\"e-gallery-image elementor-gallery-item__image\" data-thumbnail=\"https:\/\/www.kulturazilina.sk\/wp-content\/uploads\/2026\/02\/1764508895-foto-zabery-zo-slavnostneho-otvorenia-vianocnych-trhov-11.jpg\" data-width=\"1200\" data-height=\"800\" aria-label=\"\" role=\"img\" ><\/div>\n\t\t\t\t\t\t\t\t\t\t\t<div class=\"elementor-gallery-item__overlay\"><\/div>\n\t\t\t\t\t\t\t\t\t\t\t\t\t\t<\/a>\n\t\t\t\t\t\t\t<a class=\"e-gallery-item elementor-gallery-item elementor-animated-content\" href=\"https:\/\/www.kulturazilina.sk\/wp-content\/uploads\/2026\/02\/1764508897-foto-zabery-zo-slavnostneho-otvorenia-vianocnych-trhov-12.jpg\" data-elementor-open-lightbox=\"yes\" data-elementor-lightbox-slideshow=\"d1cc780\" data-elementor-lightbox-title=\"1764508897-foto-zabery-zo-slavnostneho-otvorenia-vianocnych-trhov-12\" data-e-action-hash=\"#elementor-action%3Aaction%3Dlightbox%26settings%3DeyJpZCI6MTM4NywidXJsIjoiaHR0cHM6XC9cL3d3dy5rdWx0dXJhemlsaW5hLnNrXC93cC1jb250ZW50XC91cGxvYWRzXC8yMDI2XC8wMlwvMTc2NDUwODg5Ny1mb3RvLXphYmVyeS16by1zbGF2bm9zdG5laG8tb3R2b3JlbmlhLXZpYW5vY255Y2gtdHJob3YtMTIuanBnIiwic2xpZGVzaG93IjoiZDFjYzc4MCJ9\">\n\t\t\t\t\t<div class=\"e-gallery-image elementor-gallery-item__image\" data-thumbnail=\"https:\/\/www.kulturazilina.sk\/wp-content\/uploads\/2026\/02\/1764508897-foto-zabery-zo-slavnostneho-otvorenia-vianocnych-trhov-12.jpg\" data-width=\"1200\" data-height=\"800\" aria-label=\"\" role=\"img\" ><\/div>\n\t\t\t\t\t\t\t\t\t\t\t<div class=\"elementor-gallery-item__overlay\"><\/div>\n\t\t\t\t\t\t\t\t\t\t\t\t\t\t<\/a>\n\t\t\t\t\t\t\t<a class=\"e-gallery-item elementor-gallery-item elementor-animated-content\" href=\"https:\/\/www.kulturazilina.sk\/wp-content\/uploads\/2026\/02\/1764508898-foto-zabery-zo-slavnostneho-otvorenia-vianocnych-trhov-13.jpg\" data-elementor-open-lightbox=\"yes\" data-elementor-lightbox-slideshow=\"d1cc780\" data-elementor-lightbox-title=\"1764508898-foto-zabery-zo-slavnostneho-otvorenia-vianocnych-trhov-13\" data-e-action-hash=\"#elementor-action%3Aaction%3Dlightbox%26settings%3DeyJpZCI6MTM4OCwidXJsIjoiaHR0cHM6XC9cL3d3dy5rdWx0dXJhemlsaW5hLnNrXC93cC1jb250ZW50XC91cGxvYWRzXC8yMDI2XC8wMlwvMTc2NDUwODg5OC1mb3RvLXphYmVyeS16by1zbGF2bm9zdG5laG8tb3R2b3JlbmlhLXZpYW5vY255Y2gtdHJob3YtMTMuanBnIiwic2xpZGVzaG93IjoiZDFjYzc4MCJ9\">\n\t\t\t\t\t<div class=\"e-gallery-image elementor-gallery-item__image\" data-thumbnail=\"https:\/\/www.kulturazilina.sk\/wp-content\/uploads\/2026\/02\/1764508898-foto-zabery-zo-slavnostneho-otvorenia-vianocnych-trhov-13.jpg\" data-width=\"1200\" data-height=\"800\" aria-label=\"\" role=\"img\" ><\/div>\n\t\t\t\t\t\t\t\t\t\t\t<div class=\"elementor-gallery-item__overlay\"><\/div>\n\t\t\t\t\t\t\t\t\t\t\t\t\t\t<\/a>\n\t\t\t\t\t\t\t<a class=\"e-gallery-item elementor-gallery-item elementor-animated-content\" href=\"https:\/\/www.kulturazilina.sk\/wp-content\/uploads\/2026\/02\/1764508900-foto-zabery-zo-slavnostneho-otvorenia-vianocnych-trhov-15.jpg\" data-elementor-open-lightbox=\"yes\" data-elementor-lightbox-slideshow=\"d1cc780\" data-elementor-lightbox-title=\"1764508900-foto-zabery-zo-slavnostneho-otvorenia-vianocnych-trhov-15\" data-e-action-hash=\"#elementor-action%3Aaction%3Dlightbox%26settings%3DeyJpZCI6MTM4OSwidXJsIjoiaHR0cHM6XC9cL3d3dy5rdWx0dXJhemlsaW5hLnNrXC93cC1jb250ZW50XC91cGxvYWRzXC8yMDI2XC8wMlwvMTc2NDUwODkwMC1mb3RvLXphYmVyeS16by1zbGF2bm9zdG5laG8tb3R2b3JlbmlhLXZpYW5vY255Y2gtdHJob3YtMTUuanBnIiwic2xpZGVzaG93IjoiZDFjYzc4MCJ9\">\n\t\t\t\t\t<div class=\"e-gallery-image elementor-gallery-item__image\" data-thumbnail=\"https:\/\/www.kulturazilina.sk\/wp-content\/uploads\/2026\/02\/1764508900-foto-zabery-zo-slavnostneho-otvorenia-vianocnych-trhov-15.jpg\" data-width=\"1200\" data-height=\"800\" aria-label=\"\" role=\"img\" ><\/div>\n\t\t\t\t\t\t\t\t\t\t\t<div class=\"elementor-gallery-item__overlay\"><\/div>\n\t\t\t\t\t\t\t\t\t\t\t\t\t\t<\/a>\n\t\t\t\t\t\t\t<a class=\"e-gallery-item elementor-gallery-item elementor-animated-content\" href=\"https:\/\/www.kulturazilina.sk\/wp-content\/uploads\/2026\/02\/1764508902-foto-zabery-zo-slavnostneho-otvorenia-vianocnych-trhov-16.jpg\" data-elementor-open-lightbox=\"yes\" data-elementor-lightbox-slideshow=\"d1cc780\" data-elementor-lightbox-title=\"1764508902-foto-zabery-zo-slavnostneho-otvorenia-vianocnych-trhov-16\" data-e-action-hash=\"#elementor-action%3Aaction%3Dlightbox%26settings%3DeyJpZCI6MTM5MCwidXJsIjoiaHR0cHM6XC9cL3d3dy5rdWx0dXJhemlsaW5hLnNrXC93cC1jb250ZW50XC91cGxvYWRzXC8yMDI2XC8wMlwvMTc2NDUwODkwMi1mb3RvLXphYmVyeS16by1zbGF2bm9zdG5laG8tb3R2b3JlbmlhLXZpYW5vY255Y2gtdHJob3YtMTYuanBnIiwic2xpZGVzaG93IjoiZDFjYzc4MCJ9\">\n\t\t\t\t\t<div class=\"e-gallery-image elementor-gallery-item__image\" data-thumbnail=\"https:\/\/www.kulturazilina.sk\/wp-content\/uploads\/2026\/02\/1764508902-foto-zabery-zo-slavnostneho-otvorenia-vianocnych-trhov-16.jpg\" data-width=\"1200\" data-height=\"800\" aria-label=\"\" role=\"img\" ><\/div>\n\t\t\t\t\t\t\t\t\t\t\t<div class=\"elementor-gallery-item__overlay\"><\/div>\n\t\t\t\t\t\t\t\t\t\t\t\t\t\t<\/a>\n\t\t\t\t\t\t\t<a class=\"e-gallery-item elementor-gallery-item elementor-animated-content\" href=\"https:\/\/www.kulturazilina.sk\/wp-content\/uploads\/2026\/02\/1764508904-foto-zabery-zo-slavnostneho-otvorenia-vianocnych-trhov-18.jpg\" data-elementor-open-lightbox=\"yes\" data-elementor-lightbox-slideshow=\"d1cc780\" data-elementor-lightbox-title=\"1764508904-foto-zabery-zo-slavnostneho-otvorenia-vianocnych-trhov-18\" data-e-action-hash=\"#elementor-action%3Aaction%3Dlightbox%26settings%3DeyJpZCI6MTM5MSwidXJsIjoiaHR0cHM6XC9cL3d3dy5rdWx0dXJhemlsaW5hLnNrXC93cC1jb250ZW50XC91cGxvYWRzXC8yMDI2XC8wMlwvMTc2NDUwODkwNC1mb3RvLXphYmVyeS16by1zbGF2bm9zdG5laG8tb3R2b3JlbmlhLXZpYW5vY255Y2gtdHJob3YtMTguanBnIiwic2xpZGVzaG93IjoiZDFjYzc4MCJ9\">\n\t\t\t\t\t<div class=\"e-gallery-image elementor-gallery-item__image\" data-thumbnail=\"https:\/\/www.kulturazilina.sk\/wp-content\/uploads\/2026\/02\/1764508904-foto-zabery-zo-slavnostneho-otvorenia-vianocnych-trhov-18.jpg\" data-width=\"1200\" data-height=\"800\" aria-label=\"\" role=\"img\" ><\/div>\n\t\t\t\t\t\t\t\t\t\t\t<div class=\"elementor-gallery-item__overlay\"><\/div>\n\t\t\t\t\t\t\t\t\t\t\t\t\t\t<\/a>\n\t\t\t\t\t\t\t<a class=\"e-gallery-item elementor-gallery-item elementor-animated-content\" href=\"https:\/\/www.kulturazilina.sk\/wp-content\/uploads\/2026\/02\/1764508906-foto-zabery-zo-slavnostneho-otvorenia-vianocnych-trhov-19.jpg\" data-elementor-open-lightbox=\"yes\" data-elementor-lightbox-slideshow=\"d1cc780\" data-elementor-lightbox-title=\"1764508906-foto-zabery-zo-slavnostneho-otvorenia-vianocnych-trhov-19\" data-e-action-hash=\"#elementor-action%3Aaction%3Dlightbox%26settings%3DeyJpZCI6MTM5MiwidXJsIjoiaHR0cHM6XC9cL3d3dy5rdWx0dXJhemlsaW5hLnNrXC93cC1jb250ZW50XC91cGxvYWRzXC8yMDI2XC8wMlwvMTc2NDUwODkwNi1mb3RvLXphYmVyeS16by1zbGF2bm9zdG5laG8tb3R2b3JlbmlhLXZpYW5vY255Y2gtdHJob3YtMTkuanBnIiwic2xpZGVzaG93IjoiZDFjYzc4MCJ9\">\n\t\t\t\t\t<div class=\"e-gallery-image elementor-gallery-item__image\" data-thumbnail=\"https:\/\/www.kulturazilina.sk\/wp-content\/uploads\/2026\/02\/1764508906-foto-zabery-zo-slavnostneho-otvorenia-vianocnych-trhov-19.jpg\" data-width=\"1200\" data-height=\"800\" aria-label=\"\" role=\"img\" ><\/div>\n\t\t\t\t\t\t\t\t\t\t\t<div class=\"elementor-gallery-item__overlay\"><\/div>\n\t\t\t\t\t\t\t\t\t\t\t\t\t\t<\/a>\n\t\t\t\t\t<\/div>\n\t\t\t\t\t<\/div>\n\t\t\t\t\t<\/div>\n\t\t\t\t<\/div>\n\t\t\t\t<\/div>","protected":false},"excerpt":{"rendered":"<p>Viano\u010dn\u00e9 trhy December.2026 Viano\u010dn\u00e9 trhy v \u017diline prin\u00e1\u0161aj\u00fa do centra mesta sviato\u010dn\u00fa atmosf\u00e9ru a vytv\u00e1raj\u00fa prirodzen\u00e9 miesto stret\u00e1vania po\u010das adventu. Mari\u00e1nske n\u00e1mestie sa v tomto obdob\u00ed men\u00ed na \u017eiv\u00fd priestor, [&hellip;]<\/p>\n","protected":false},"author":1,"featured_media":0,"parent":0,"menu_order":0,"comment_status":"closed","ping_status":"closed","template":"elementor_header_footer","meta":{"_acf_changed":false,"footnotes":""},"class_list":["post-1364","page","type-page","status-publish","hentry"],"acf":[],"_links":{"self":[{"href":"https:\/\/www.kulturazilina.sk\/en\/wp-json\/wp\/v2\/pages\/1364","targetHints":{"allow":["GET"]}}],"collection":[{"href":"https:\/\/www.kulturazilina.sk\/en\/wp-json\/wp\/v2\/pages"}],"about":[{"href":"https:\/\/www.kulturazilina.sk\/en\/wp-json\/wp\/v2\/types\/page"}],"author":[{"embeddable":true,"href":"https:\/\/www.kulturazilina.sk\/en\/wp-json\/wp\/v2\/users\/1"}],"replies":[{"embeddable":true,"href":"https:\/\/www.kulturazilina.sk\/en\/wp-json\/wp\/v2\/comments?post=1364"}],"version-history":[{"count":16,"href":"https:\/\/www.kulturazilina.sk\/en\/wp-json\/wp\/v2\/pages\/1364\/revisions"}],"predecessor-version":[{"id":1417,"href":"https:\/\/www.kulturazilina.sk\/en\/wp-json\/wp\/v2\/pages\/1364\/revisions\/1417"}],"wp:attachment":[{"href":"https:\/\/www.kulturazilina.sk\/en\/wp-json\/wp\/v2\/media?parent=1364"}],"curies":[{"name":"wp","href":"https:\/\/api.w.org\/{rel}","templated":true}]}}