{"id":1332,"date":"2026-02-25T12:42:26","date_gmt":"2026-02-25T11:42:26","guid":{"rendered":"https:\/\/www.kulturazilina.sk\/?page_id=1332"},"modified":"2026-02-25T13:21:40","modified_gmt":"2026-02-25T12:21:40","slug":"zilinske-kulturne-leto","status":"publish","type":"page","link":"https:\/\/www.kulturazilina.sk\/en\/zilinske-kulturne-leto\/","title":{"rendered":"\u017dilinsk\u00e9 kult\u00farne leto"},"content":{"rendered":"<div data-elementor-type=\"wp-page\" data-elementor-id=\"1332\" class=\"elementor elementor-1332\" data-elementor-post-type=\"page\">\n\t\t\t\t<div class=\"elementor-element elementor-element-e7821b4 e-flex e-con-boxed e-con e-parent\" data-id=\"e7821b4\" data-element_type=\"container\" data-e-type=\"container\">\n\t\t\t\t\t<div class=\"e-con-inner\">\n\t\t<div class=\"elementor-element elementor-element-24a64ae e-con-full e-flex e-con e-child\" data-id=\"24a64ae\" data-element_type=\"container\" data-e-type=\"container\" data-settings=\"{&quot;background_background&quot;:&quot;classic&quot;}\">\n\t\t\t\t<div class=\"elementor-element elementor-element-544d45a elementor-widget elementor-widget-heading\" data-id=\"544d45a\" data-element_type=\"widget\" data-e-type=\"widget\" data-widget_type=\"heading.default\">\n\t\t\t\t\t<h2 class=\"elementor-heading-title elementor-size-default translation-block\">\u017dilina Cultural Summer<\/h2>\t\t\t\t<\/div>\n\t\t<div class=\"elementor-element elementor-element-74654d8 e-con-full e-flex e-con e-child\" data-id=\"74654d8\" data-element_type=\"container\" data-e-type=\"container\">\n\t\t\t\t<div class=\"elementor-element elementor-element-373af0a elementor-widget__width-auto elementor-widget elementor-widget-heading\" data-id=\"373af0a\" data-element_type=\"widget\" data-e-type=\"widget\" data-widget_type=\"heading.default\">\n\t\t\t\t\t<h2 class=\"elementor-heading-title elementor-size-default\">J\u00fal-September.2026<\/h2>\t\t\t\t<\/div>\n\t\t\t\t<\/div>\n\t\t\t\t<\/div>\n\t\t<div class=\"elementor-element elementor-element-fafabd8 e-con-full e-flex e-con e-child\" data-id=\"fafabd8\" data-element_type=\"container\" data-e-type=\"container\" data-settings=\"{&quot;background_background&quot;:&quot;classic&quot;}\">\n\t\t\t\t<\/div>\n\t\t\t\t\t<\/div>\n\t\t\t\t<\/div>\n\t\t<div class=\"elementor-element elementor-element-07f0a8b e-flex e-con-boxed e-con e-parent\" data-id=\"07f0a8b\" data-element_type=\"container\" data-e-type=\"container\">\n\t\t\t\t\t<div class=\"e-con-inner\">\n\t\t<div class=\"elementor-element elementor-element-18c6143 e-con-full e-flex e-con e-child\" data-id=\"18c6143\" data-element_type=\"container\" data-e-type=\"container\">\n\t\t\t\t<div class=\"elementor-element elementor-element-fdd6211 elementor-widget__width-initial elementor-widget elementor-widget-text-editor\" data-id=\"fdd6211\" data-element_type=\"widget\" data-e-type=\"widget\" data-widget_type=\"text-editor.default\">\n\t\t\t\t\t\t\t\t\t<p data-start=\"0\" data-end=\"278\">\u017dilinsk\u00e9 kult\u00farne leto je letn\u00fd program podujat\u00ed vo verejnom priestore, ktor\u00fd po\u010das pr\u00e1zdnin o\u017eivuje centrum aj mestsk\u00e9 parky a prin\u00e1\u0161a kult\u00faru bli\u017e\u0161ie k \u013eu\u010fom. Je to s\u00e9ria pravideln\u00fdch koncertov, vyst\u00fapen\u00ed a aktiv\u00edt, v\u010faka ktor\u00fdm mesto \u017eije aj mimo klasick\u00fdch kult\u00farnych budov.<\/p><p data-start=\"280\" data-end=\"510\">Program je zostaven\u00fd tak, aby si v \u0148om na\u0161li svoje v\u0161etky gener\u00e1cie \u2013 od rod\u00edn s de\u0165mi a\u017e po mlad\u00fdch a seniorov. D\u00f4raz kladieme na dostupnos\u0165, pr\u00edjemn\u00fa atmosf\u00e9ru a r\u00f4znorodos\u0165 \u017e\u00e1nrov, aby si ka\u017ed\u00fd vedel vybra\u0165 pod\u013ea n\u00e1lady a \u010dasu.<\/p>\t\t\t\t\t\t\t\t<\/div>\n\t\t\t\t<\/div>\n\t\t<div class=\"elementor-element elementor-element-b80ea84 e-con-full e-flex e-con e-child\" data-id=\"b80ea84\" data-element_type=\"container\" data-e-type=\"container\">\n\t\t\t\t<div class=\"elementor-element elementor-element-4319251 elementor-widget__width-initial elementor-widget elementor-widget-text-editor\" data-id=\"4319251\" data-element_type=\"widget\" data-e-type=\"widget\" data-widget_type=\"text-editor.default\">\n\t\t\t\t\t\t\t\t\t<p data-start=\"512\" data-end=\"796\">\u017dilinsk\u00e9 kult\u00farne leto prirodzene podporuje mestsk\u00fd \u017eivot: vytv\u00e1ra d\u00f4vod pr\u00eds\u0165 do centra, stretn\u00fa\u0165 sa s priate\u013emi, zastavi\u0165 sa po pr\u00e1ci alebo str\u00e1vi\u0165 ve\u010der pri programe. Z\u00e1rove\u0148 prep\u00e1ja lok\u00e1lnych tvorcov, komunitu a partnerov a d\u00e1va priestor aj men\u0161\u00edm form\u00e1tom, ktor\u00e9 by inak zanikli.<\/p><p data-start=\"798\" data-end=\"1053\">Cie\u013eom projektu je prinies\u0165 kvalitn\u00fd a pravideln\u00fd kult\u00farny rytmus po\u010das cel\u00e9ho leta \u2013 tak, aby kult\u00fara bola s\u00fa\u010das\u0165ou be\u017en\u00e9ho d\u0148a v \u017diline. V\u010faka tomu sa verejn\u00fd priestor st\u00e1va \u017eiv\u00fdm miestom stret\u00e1vania, oddychu a z\u00e1\u017eitkov, ku ktor\u00fdm sa \u013eudia radi vracaj\u00fa.<\/p>\t\t\t\t\t\t\t\t<\/div>\n\t\t\t\t<\/div>\n\t\t\t\t\t<\/div>\n\t\t\t\t<\/div>\n\t\t<div class=\"elementor-element elementor-element-267b74b e-flex e-con-boxed e-con e-parent\" data-id=\"267b74b\" data-element_type=\"container\" data-e-type=\"container\">\n\t\t\t\t\t<div class=\"e-con-inner\">\n\t\t\t\t<div class=\"elementor-element elementor-element-82ea861 elementor-hidden-widescreen elementor-hidden-desktop elementor-hidden-laptop elementor-hidden-tablet_extra elementor-hidden-tablet elementor-hidden-mobile_extra elementor-hidden-mobile elementor-widget elementor-widget-n-accordion\" data-id=\"82ea861\" data-element_type=\"widget\" data-e-type=\"widget\" data-settings=\"{&quot;default_state&quot;:&quot;all_collapsed&quot;,&quot;max_items_expended&quot;:&quot;one&quot;,&quot;n_accordion_animation_duration&quot;:{&quot;unit&quot;:&quot;ms&quot;,&quot;size&quot;:400,&quot;sizes&quot;:[]}}\" data-widget_type=\"nested-accordion.default\">\n\t\t\t\t\t\t\t<div class=\"e-n-accordion\" aria-label=\"Accordion. Open links with Enter or Space, close with Escape, and navigate with Arrow Keys\">\n\t\t\t\t\t\t<details id=\"e-n-accordion-item-1370\" class=\"e-n-accordion-item\" >\n\t\t\t\t<summary class=\"e-n-accordion-item-title\" data-accordion-index=\"1\" tabindex=\"0\" aria-expanded=\"false\" aria-controls=\"e-n-accordion-item-1370\" >\n\t\t\t\t\t<span class='e-n-accordion-item-title-header'><div class=\"e-n-accordion-item-title-text\"> Program <\/div><\/span>\n\t\t\t\t\t\t\t\t\t<\/summary>\n\t\t\t\t<div role=\"region\" aria-labelledby=\"e-n-accordion-item-1370\" class=\"elementor-element elementor-element-0b33cd5 e-con-full e-flex e-con e-child\" data-id=\"0b33cd5\" data-element_type=\"container\" data-e-type=\"container\">\n\t\t<div role=\"region\" aria-labelledby=\"e-n-accordion-item-1370\" class=\"elementor-element elementor-element-d316755 e-con-full e-flex e-con e-child\" data-id=\"d316755\" data-element_type=\"container\" data-e-type=\"container\">\n\t\t\t\t<div class=\"elementor-element elementor-element-4f7a43e elementor-widget__width-initial elementor-widget elementor-widget-text-editor\" data-id=\"4f7a43e\" data-element_type=\"widget\" data-e-type=\"widget\" data-widget_type=\"text-editor.default\">\n\t\t\t\t\t\t\t\t\t<p>The parade of masks will set off from the area in front of the City Hall and, accompanied by the energy of the carnival, will move to the center. You can look forward to a variety of masks, music, and \"live\" characters that will create a unique atmosphere in the streets of the city.<\/p><p>Po sprievode sa fa\u0161iangov\u00e1 n\u00e1lada presunie na\u00a0<strong>Mari\u00e1nske n\u00e1mestie<\/strong>, kde bude pokra\u010dova\u0165 program:<\/p><p><strong>15:15<\/strong>\u00a0\u00bb priv\u00edtanie Draka a kr\u00e1\u013eovnej<br \/><strong>16:00<\/strong>\u00a0\u00bb vyst\u00fapenie folkl\u00f3rnych s\u00faborov a pochov\u00e1vanie basy<\/p><p>For a while, Mari\u00e1nske Square will become the focal point of the carnival celebrations \u2013 a place where traditional elements meet urban energy and where everyone can find something to suit them: from a quick stop to watch the program to a full afternoon of entertainment.<\/p><p>Carnival is not just about the program \u2013 it's about the shared experience. It's about the city center temporarily transforming into a place where people naturally meet, greet each other, laugh, and share in the atmosphere of a tradition that has been part of the city for generations.<\/p><p><strong>There will also be food stands offering pork specialties, hot drinks, fresh pastries, and fragrant sweet gingerbread.\u00a0<\/strong><\/p>\t\t\t\t\t\t\t\t<\/div>\n\t\t\t\t<\/div>\n\t\t<div role=\"region\" aria-labelledby=\"e-n-accordion-item-1370\" class=\"elementor-element elementor-element-5de2b0e e-con-full e-flex e-con e-child\" data-id=\"5de2b0e\" data-element_type=\"container\" data-e-type=\"container\">\n\t\t\t\t<div class=\"elementor-element elementor-element-91fb515 elementor-widget__width-initial elementor-widget elementor-widget-text-editor\" data-id=\"91fb515\" data-element_type=\"widget\" data-e-type=\"widget\" data-widget_type=\"text-editor.default\">\n\t\t\t\t\t\t\t\t\t<p>The parade of masks will set off from the area in front of the City Hall and, accompanied by the energy of the carnival, will move to the center. You can look forward to a variety of masks, music, and \"live\" characters that will create a unique atmosphere in the streets of the city.<\/p><p>Po sprievode sa fa\u0161iangov\u00e1 n\u00e1lada presunie na\u00a0<strong>Mari\u00e1nske n\u00e1mestie<\/strong>, kde bude pokra\u010dova\u0165 program:<\/p><p><strong>15:15<\/strong>\u00a0\u00bb priv\u00edtanie Draka a kr\u00e1\u013eovnej<br \/><strong>16:00<\/strong>\u00a0\u00bb vyst\u00fapenie folkl\u00f3rnych s\u00faborov a pochov\u00e1vanie basy<\/p><p>For a while, Mari\u00e1nske Square will become the focal point of the carnival celebrations \u2013 a place where traditional elements meet urban energy and where everyone can find something to suit them: from a quick stop to watch the program to a full afternoon of entertainment.<\/p><p>Carnival is not just about the program \u2013 it's about the shared experience. It's about the city center temporarily transforming into a place where people naturally meet, greet each other, laugh, and share in the atmosphere of a tradition that has been part of the city for generations.<\/p><p><strong>There will also be food stands offering pork specialties, hot drinks, fresh pastries, and fragrant sweet gingerbread.\u00a0<\/strong><\/p>\t\t\t\t\t\t\t\t<\/div>\n\t\t\t\t<\/div>\n\t\t\t\t<\/div>\n\t\t\t\t\t<\/details>\n\t\t\t\t\t<\/div>\n\t\t\t\t\t\t<\/div>\n\t\t\t\t\t<\/div>\n\t\t\t\t<\/div>\n\t\t<div class=\"elementor-element elementor-element-35d4d80 e-flex e-con-boxed e-con e-parent\" data-id=\"35d4d80\" data-element_type=\"container\" data-e-type=\"container\">\n\t\t\t\t\t<div class=\"e-con-inner\">\n\t\t\t\t<div class=\"elementor-element elementor-element-d1cc780 elementor-widget elementor-widget-gallery\" data-id=\"d1cc780\" data-element_type=\"widget\" data-e-type=\"widget\" data-settings=\"{&quot;lazyload&quot;:&quot;yes&quot;,&quot;gallery_layout&quot;:&quot;grid&quot;,&quot;columns&quot;:4,&quot;columns_tablet&quot;:2,&quot;columns_mobile&quot;:1,&quot;gap&quot;:{&quot;unit&quot;:&quot;px&quot;,&quot;size&quot;:10,&quot;sizes&quot;:[]},&quot;gap_widescreen&quot;:{&quot;unit&quot;:&quot;px&quot;,&quot;size&quot;:&quot;&quot;,&quot;sizes&quot;:[]},&quot;gap_laptop&quot;:{&quot;unit&quot;:&quot;px&quot;,&quot;size&quot;:10,&quot;sizes&quot;:[]},&quot;gap_tablet_extra&quot;:{&quot;unit&quot;:&quot;px&quot;,&quot;size&quot;:10,&quot;sizes&quot;:[]},&quot;gap_tablet&quot;:{&quot;unit&quot;:&quot;px&quot;,&quot;size&quot;:10,&quot;sizes&quot;:[]},&quot;gap_mobile_extra&quot;:{&quot;unit&quot;:&quot;px&quot;,&quot;size&quot;:10,&quot;sizes&quot;:[]},&quot;gap_mobile&quot;:{&quot;unit&quot;:&quot;px&quot;,&quot;size&quot;:10,&quot;sizes&quot;:[]},&quot;link_to&quot;:&quot;file&quot;,&quot;aspect_ratio&quot;:&quot;3:2&quot;,&quot;overlay_background&quot;:&quot;yes&quot;,&quot;content_hover_animation&quot;:&quot;fade-in&quot;}\" data-widget_type=\"gallery.default\">\n\t\t\t\t\t\t\t<div class=\"elementor-gallery__container\">\n\t\t\t\t\t\t\t<a class=\"e-gallery-item elementor-gallery-item elementor-animated-content\" href=\"https:\/\/www.kulturazilina.sk\/wp-content\/uploads\/2026\/02\/B1012245.jpg\" data-elementor-open-lightbox=\"yes\" data-elementor-lightbox-slideshow=\"d1cc780\" data-elementor-lightbox-title=\"B1012245\" data-e-action-hash=\"#elementor-action%3Aaction%3Dlightbox%26settings%3DeyJpZCI6MTM0OSwidXJsIjoiaHR0cHM6XC9cL3d3dy5rdWx0dXJhemlsaW5hLnNrXC93cC1jb250ZW50XC91cGxvYWRzXC8yMDI2XC8wMlwvQjEwMTIyNDUuanBnIiwic2xpZGVzaG93IjoiZDFjYzc4MCJ9\">\n\t\t\t\t\t<div class=\"e-gallery-image elementor-gallery-item__image\" data-thumbnail=\"https:\/\/www.kulturazilina.sk\/wp-content\/uploads\/2026\/02\/B1012245.jpg\" data-width=\"1441\" data-height=\"1080\" aria-label=\"\" role=\"img\" ><\/div>\n\t\t\t\t\t\t\t\t\t\t\t<div class=\"elementor-gallery-item__overlay\"><\/div>\n\t\t\t\t\t\t\t\t\t\t\t\t\t\t<\/a>\n\t\t\t\t\t\t\t<a class=\"e-gallery-item elementor-gallery-item elementor-animated-content\" href=\"https:\/\/www.kulturazilina.sk\/wp-content\/uploads\/2026\/02\/B1012253.jpg\" data-elementor-open-lightbox=\"yes\" data-elementor-lightbox-slideshow=\"d1cc780\" data-elementor-lightbox-title=\"B1012253\" data-e-action-hash=\"#elementor-action%3Aaction%3Dlightbox%26settings%3DeyJpZCI6MTM1MCwidXJsIjoiaHR0cHM6XC9cL3d3dy5rdWx0dXJhemlsaW5hLnNrXC93cC1jb250ZW50XC91cGxvYWRzXC8yMDI2XC8wMlwvQjEwMTIyNTMuanBnIiwic2xpZGVzaG93IjoiZDFjYzc4MCJ9\">\n\t\t\t\t\t<div class=\"e-gallery-image elementor-gallery-item__image\" data-thumbnail=\"https:\/\/www.kulturazilina.sk\/wp-content\/uploads\/2026\/02\/B1012253.jpg\" data-width=\"1080\" data-height=\"1441\" aria-label=\"\" role=\"img\" ><\/div>\n\t\t\t\t\t\t\t\t\t\t\t<div class=\"elementor-gallery-item__overlay\"><\/div>\n\t\t\t\t\t\t\t\t\t\t\t\t\t\t<\/a>\n\t\t\t\t\t\t\t<a class=\"e-gallery-item elementor-gallery-item elementor-animated-content\" href=\"https:\/\/www.kulturazilina.sk\/wp-content\/uploads\/2026\/02\/B1012334.jpg\" data-elementor-open-lightbox=\"yes\" data-elementor-lightbox-slideshow=\"d1cc780\" data-elementor-lightbox-title=\"B1012334\" data-e-action-hash=\"#elementor-action%3Aaction%3Dlightbox%26settings%3DeyJpZCI6MTM1MSwidXJsIjoiaHR0cHM6XC9cL3d3dy5rdWx0dXJhemlsaW5hLnNrXC93cC1jb250ZW50XC91cGxvYWRzXC8yMDI2XC8wMlwvQjEwMTIzMzQuanBnIiwic2xpZGVzaG93IjoiZDFjYzc4MCJ9\">\n\t\t\t\t\t<div class=\"e-gallery-image elementor-gallery-item__image\" data-thumbnail=\"https:\/\/www.kulturazilina.sk\/wp-content\/uploads\/2026\/02\/B1012334.jpg\" data-width=\"1080\" data-height=\"1441\" aria-label=\"\" role=\"img\" ><\/div>\n\t\t\t\t\t\t\t\t\t\t\t<div class=\"elementor-gallery-item__overlay\"><\/div>\n\t\t\t\t\t\t\t\t\t\t\t\t\t\t<\/a>\n\t\t\t\t\t\t\t<a class=\"e-gallery-item elementor-gallery-item elementor-animated-content\" href=\"https:\/\/www.kulturazilina.sk\/wp-content\/uploads\/2026\/02\/DSC01933.jpg\" data-elementor-open-lightbox=\"yes\" data-elementor-lightbox-slideshow=\"d1cc780\" data-elementor-lightbox-title=\"DSC01933\" data-e-action-hash=\"#elementor-action%3Aaction%3Dlightbox%26settings%3DeyJpZCI6MTM1MiwidXJsIjoiaHR0cHM6XC9cL3d3dy5rdWx0dXJhemlsaW5hLnNrXC93cC1jb250ZW50XC91cGxvYWRzXC8yMDI2XC8wMlwvRFNDMDE5MzMuanBnIiwic2xpZGVzaG93IjoiZDFjYzc4MCJ9\">\n\t\t\t\t\t<div class=\"e-gallery-image elementor-gallery-item__image\" data-thumbnail=\"https:\/\/www.kulturazilina.sk\/wp-content\/uploads\/2026\/02\/DSC01933.jpg\" data-width=\"1620\" data-height=\"1080\" aria-label=\"\" role=\"img\" ><\/div>\n\t\t\t\t\t\t\t\t\t\t\t<div class=\"elementor-gallery-item__overlay\"><\/div>\n\t\t\t\t\t\t\t\t\t\t\t\t\t\t<\/a>\n\t\t\t\t\t\t\t<a class=\"e-gallery-item elementor-gallery-item elementor-animated-content\" href=\"https:\/\/www.kulturazilina.sk\/wp-content\/uploads\/2026\/02\/L1011866.jpg\" data-elementor-open-lightbox=\"yes\" data-elementor-lightbox-slideshow=\"d1cc780\" data-elementor-lightbox-title=\"L1011866\" data-e-action-hash=\"#elementor-action%3Aaction%3Dlightbox%26settings%3DeyJpZCI6MTM1MywidXJsIjoiaHR0cHM6XC9cL3d3dy5rdWx0dXJhemlsaW5hLnNrXC93cC1jb250ZW50XC91cGxvYWRzXC8yMDI2XC8wMlwvTDEwMTE4NjYuanBnIiwic2xpZGVzaG93IjoiZDFjYzc4MCJ9\">\n\t\t\t\t\t<div class=\"e-gallery-image elementor-gallery-item__image\" data-thumbnail=\"https:\/\/www.kulturazilina.sk\/wp-content\/uploads\/2026\/02\/L1011866.jpg\" data-width=\"1618\" data-height=\"1080\" aria-label=\"\" role=\"img\" ><\/div>\n\t\t\t\t\t\t\t\t\t\t\t<div class=\"elementor-gallery-item__overlay\"><\/div>\n\t\t\t\t\t\t\t\t\t\t\t\t\t\t<\/a>\n\t\t\t\t\t\t\t<a class=\"e-gallery-item elementor-gallery-item elementor-animated-content\" href=\"https:\/\/www.kulturazilina.sk\/wp-content\/uploads\/2026\/02\/L1011946.jpg\" data-elementor-open-lightbox=\"yes\" data-elementor-lightbox-slideshow=\"d1cc780\" data-elementor-lightbox-title=\"L1011946\" data-e-action-hash=\"#elementor-action%3Aaction%3Dlightbox%26settings%3DeyJpZCI6MTM1NCwidXJsIjoiaHR0cHM6XC9cL3d3dy5rdWx0dXJhemlsaW5hLnNrXC93cC1jb250ZW50XC91cGxvYWRzXC8yMDI2XC8wMlwvTDEwMTE5NDYuanBnIiwic2xpZGVzaG93IjoiZDFjYzc4MCJ9\">\n\t\t\t\t\t<div class=\"e-gallery-image elementor-gallery-item__image\" data-thumbnail=\"https:\/\/www.kulturazilina.sk\/wp-content\/uploads\/2026\/02\/L1011946.jpg\" data-width=\"1618\" data-height=\"1080\" aria-label=\"\" role=\"img\" ><\/div>\n\t\t\t\t\t\t\t\t\t\t\t<div class=\"elementor-gallery-item__overlay\"><\/div>\n\t\t\t\t\t\t\t\t\t\t\t\t\t\t<\/a>\n\t\t\t\t\t\t\t<a class=\"e-gallery-item elementor-gallery-item elementor-animated-content\" href=\"https:\/\/www.kulturazilina.sk\/wp-content\/uploads\/2026\/02\/L1011953.jpg\" data-elementor-open-lightbox=\"yes\" data-elementor-lightbox-slideshow=\"d1cc780\" data-elementor-lightbox-title=\"L1011953\" data-e-action-hash=\"#elementor-action%3Aaction%3Dlightbox%26settings%3DeyJpZCI6MTM1NSwidXJsIjoiaHR0cHM6XC9cL3d3dy5rdWx0dXJhemlsaW5hLnNrXC93cC1jb250ZW50XC91cGxvYWRzXC8yMDI2XC8wMlwvTDEwMTE5NTMuanBnIiwic2xpZGVzaG93IjoiZDFjYzc4MCJ9\">\n\t\t\t\t\t<div class=\"e-gallery-image elementor-gallery-item__image\" data-thumbnail=\"https:\/\/www.kulturazilina.sk\/wp-content\/uploads\/2026\/02\/L1011953.jpg\" data-width=\"1618\" data-height=\"1080\" aria-label=\"\" role=\"img\" ><\/div>\n\t\t\t\t\t\t\t\t\t\t\t<div class=\"elementor-gallery-item__overlay\"><\/div>\n\t\t\t\t\t\t\t\t\t\t\t\t\t\t<\/a>\n\t\t\t\t\t\t\t<a class=\"e-gallery-item elementor-gallery-item elementor-animated-content\" href=\"https:\/\/www.kulturazilina.sk\/wp-content\/uploads\/2026\/02\/L1011967.jpg\" data-elementor-open-lightbox=\"yes\" data-elementor-lightbox-slideshow=\"d1cc780\" data-elementor-lightbox-title=\"L1011967\" data-e-action-hash=\"#elementor-action%3Aaction%3Dlightbox%26settings%3DeyJpZCI6MTM1NywidXJsIjoiaHR0cHM6XC9cL3d3dy5rdWx0dXJhemlsaW5hLnNrXC93cC1jb250ZW50XC91cGxvYWRzXC8yMDI2XC8wMlwvTDEwMTE5NjcuanBnIiwic2xpZGVzaG93IjoiZDFjYzc4MCJ9\">\n\t\t\t\t\t<div class=\"e-gallery-image elementor-gallery-item__image\" data-thumbnail=\"https:\/\/www.kulturazilina.sk\/wp-content\/uploads\/2026\/02\/L1011967.jpg\" data-width=\"1080\" data-height=\"1618\" aria-label=\"\" role=\"img\" ><\/div>\n\t\t\t\t\t\t\t\t\t\t\t<div class=\"elementor-gallery-item__overlay\"><\/div>\n\t\t\t\t\t\t\t\t\t\t\t\t\t\t<\/a>\n\t\t\t\t\t\t\t<a class=\"e-gallery-item elementor-gallery-item elementor-animated-content\" href=\"https:\/\/www.kulturazilina.sk\/wp-content\/uploads\/2026\/02\/L1011974.jpg\" data-elementor-open-lightbox=\"yes\" data-elementor-lightbox-slideshow=\"d1cc780\" data-elementor-lightbox-title=\"L1011974\" data-e-action-hash=\"#elementor-action%3Aaction%3Dlightbox%26settings%3DeyJpZCI6MTM1OCwidXJsIjoiaHR0cHM6XC9cL3d3dy5rdWx0dXJhemlsaW5hLnNrXC93cC1jb250ZW50XC91cGxvYWRzXC8yMDI2XC8wMlwvTDEwMTE5NzQuanBnIiwic2xpZGVzaG93IjoiZDFjYzc4MCJ9\">\n\t\t\t\t\t<div class=\"e-gallery-image elementor-gallery-item__image\" data-thumbnail=\"https:\/\/www.kulturazilina.sk\/wp-content\/uploads\/2026\/02\/L1011974.jpg\" data-width=\"1080\" data-height=\"1618\" aria-label=\"\" role=\"img\" ><\/div>\n\t\t\t\t\t\t\t\t\t\t\t<div class=\"elementor-gallery-item__overlay\"><\/div>\n\t\t\t\t\t\t\t\t\t\t\t\t\t\t<\/a>\n\t\t\t\t\t\t\t<a class=\"e-gallery-item elementor-gallery-item elementor-animated-content\" href=\"https:\/\/www.kulturazilina.sk\/wp-content\/uploads\/2026\/02\/L1012021.jpg\" data-elementor-open-lightbox=\"yes\" data-elementor-lightbox-slideshow=\"d1cc780\" data-elementor-lightbox-title=\"L1012021\" data-e-action-hash=\"#elementor-action%3Aaction%3Dlightbox%26settings%3DeyJpZCI6MTM1OSwidXJsIjoiaHR0cHM6XC9cL3d3dy5rdWx0dXJhemlsaW5hLnNrXC93cC1jb250ZW50XC91cGxvYWRzXC8yMDI2XC8wMlwvTDEwMTIwMjEuanBnIiwic2xpZGVzaG93IjoiZDFjYzc4MCJ9\">\n\t\t\t\t\t<div class=\"e-gallery-image elementor-gallery-item__image\" data-thumbnail=\"https:\/\/www.kulturazilina.sk\/wp-content\/uploads\/2026\/02\/L1012021.jpg\" data-width=\"1080\" data-height=\"1618\" aria-label=\"\" role=\"img\" ><\/div>\n\t\t\t\t\t\t\t\t\t\t\t<div class=\"elementor-gallery-item__overlay\"><\/div>\n\t\t\t\t\t\t\t\t\t\t\t\t\t\t<\/a>\n\t\t\t\t\t<\/div>\n\t\t\t\t\t<\/div>\n\t\t\t\t\t<\/div>\n\t\t\t\t<\/div>\n\t\t\t\t<\/div>","protected":false},"excerpt":{"rendered":"<p>\u017dilinsk\u00e9 kult\u00farne leto J\u00fal-September.2026 \u017dilinsk\u00e9 kult\u00farne leto je letn\u00fd program podujat\u00ed vo verejnom priestore, ktor\u00fd po\u010das pr\u00e1zdnin o\u017eivuje centrum aj mestsk\u00e9 parky a prin\u00e1\u0161a kult\u00faru bli\u017e\u0161ie k \u013eu\u010fom. Je to [&hellip;]<\/p>\n","protected":false},"author":1,"featured_media":0,"parent":0,"menu_order":0,"comment_status":"closed","ping_status":"closed","template":"elementor_header_footer","meta":{"_acf_changed":false,"footnotes":""},"class_list":["post-1332","page","type-page","status-publish","hentry"],"acf":[],"_links":{"self":[{"href":"https:\/\/www.kulturazilina.sk\/en\/wp-json\/wp\/v2\/pages\/1332","targetHints":{"allow":["GET"]}}],"collection":[{"href":"https:\/\/www.kulturazilina.sk\/en\/wp-json\/wp\/v2\/pages"}],"about":[{"href":"https:\/\/www.kulturazilina.sk\/en\/wp-json\/wp\/v2\/types\/page"}],"author":[{"embeddable":true,"href":"https:\/\/www.kulturazilina.sk\/en\/wp-json\/wp\/v2\/users\/1"}],"replies":[{"embeddable":true,"href":"https:\/\/www.kulturazilina.sk\/en\/wp-json\/wp\/v2\/comments?post=1332"}],"version-history":[{"count":22,"href":"https:\/\/www.kulturazilina.sk\/en\/wp-json\/wp\/v2\/pages\/1332\/revisions"}],"predecessor-version":[{"id":1414,"href":"https:\/\/www.kulturazilina.sk\/en\/wp-json\/wp\/v2\/pages\/1332\/revisions\/1414"}],"wp:attachment":[{"href":"https:\/\/www.kulturazilina.sk\/en\/wp-json\/wp\/v2\/media?parent=1332"}],"curies":[{"name":"wp","href":"https:\/\/api.w.org\/{rel}","templated":true}]}}